{"id":97861685,"date":"2017-12-20T11:27:08","date_gmt":"2017-12-20T10:27:08","guid":{"rendered":"https:\/\/fundacion-biodiversidad.es\/programa_pleamar\/ecolubal-research-and-analysis-of-the-future-prospects-for-the-sustainable-reintroduction-of-organic-sea-bass-dicentrarchus-labrax-in-the-albufera-of-valencia\/"},"modified":"2017-12-20T11:27:08","modified_gmt":"2017-12-20T10:27:08","slug":"ecolubal-research-and-analysis-of-the-future-prospects-for-the-sustainable-reintroduction-of-organic-sea-bass-dicentrarchus-labrax-in-the-albufera-of-valencia","status":"publish","type":"programa_pleamar","link":"https:\/\/fundacion-biodiversidad.es\/en\/programa_pleamar\/ecolubal-research-and-analysis-of-the-future-prospects-for-the-sustainable-reintroduction-of-organic-sea-bass-dicentrarchus-labrax-in-the-albufera-of-valencia\/","title":{"rendered":"ECOLUBAL &#8211; Research and analysis of the future prospects for the sustainable reintroduction of organic sea bass (Dicentrarchus labrax) in the Albufera of Valencia."},"content":{"rendered":"<div class=\"field-label\" style=\"text-align: justify\">\n            <strong>Description:  <\/strong>\n          <\/div>\n<div class=\"field-items\">\n<div class=\"field-item even\">\n<p class=\"rtejustify\" style=\"text-align: justify\">The project has consisted of the development of research based on the pilot trial of organic sea bass growth in the Albufera de Valencia to evaluate its technical, environmental and economic feasibility. The trial has been carried out on a plot of 5000 m2, owned by the Community of Fishermen of El Palmar, located on the left bank of the Sequiota (channel that connects the lake with the sea), currently occupied by reeds, but which in the past was flooded, and which has required prior cleaning and conditioning.  establishing a raft for the release and growth of sea bass, protected with nets to prevent birds from predation on fish. <\/p>\n<p class=\"rtejustify\" style=\"text-align: justify\">The production has been extensive, with a low density, in the order of 0.25 kg\/m2 maximum at the end of the production process, starting from 1 fry per square meter, with an initial average weight of 25-50 g. A daily flow of water renewal has been established for oxygen supply and an emergency aeration system. The feeding of the sea bass has been based on natural productivity complemented with organic feed, formulated based on ingredients from organic agriculture and aquaculture, and manufactured by cooking-extrusion to guarantee its stability and digestibility to reduce waste, at the Universitat Polit\u00e8cnica de Valencia. Likewise, laboratory tests have been carried out at the UPV to optimise the organic feed in the final phases, the most problematic due to the waste generated.   <\/p>\n<p class=\"rtejustify\" style=\"text-align: justify\">At the end of the production process, the amount of organic waste produced by the sea bass has been evaluated, based on water analysis and a nitrogen and phosphorus balance, in order to guarantee environmental quality. Likewise, different zootechnical parameters have been calculated, (growth, feed rate, conversion rate, etc.), necessary for an economic evaluation of the production of organic sea bass under extensive conditions, based on production costs and sales price. <\/p>\n<p class=\"rtejustify\" style=\"text-align: justify\">Finally, an analysis of the sensory quality of organic sea bass meat has been carried out to estimate its acceptance by consumers.<\/p>\n<\/p><\/div>\n<\/p><\/div>\n<p style=\"text-align: justify\"><a href=\"https:\/\/www.programapleamar.es\/proyectos\/ecolubal-investigacion-y-analisis-de-las-perspectivas-de-futuro-para-la-reintroduccion\">See the project<\/a>.<\/p>\n","protected":false},"featured_media":22405,"parent":0,"template":"","meta":{"_acf_changed":false},"financiaci_n":[652],"lineas_actuacion_tematicas":[655],"class_list":["post-97861685","programa_pleamar","type-programa_pleamar","status-publish","has-post-thumbnail","hentry","financiaci_n-fondo-europeo-maritimo-de-pesca-en","lineas_actuacion_tematicas-marine-ecosystems"],"acf":[],"yoast_head":"<!-- This site is optimized with the Yoast SEO plugin v26.9 - https:\/\/yoast.com\/product\/yoast-seo-wordpress\/ -->\n<title>ECOLUBAL - Research and analysis of the future prospects for the sustainable reintroduction of organic sea bass (Dicentrarchus labrax) in the Albufera of Valencia. - Fundaci\u00f3n Biodiversidad<\/title>\n<meta name=\"robots\" content=\"index, follow, max-snippet:-1, max-image-preview:large, max-video-preview:-1\" \/>\n<link rel=\"canonical\" href=\"https:\/\/fundacion-biodiversidad.es\/en\/programa_pleamar\/ecolubal-research-and-analysis-of-the-future-prospects-for-the-sustainable-reintroduction-of-organic-sea-bass-dicentrarchus-labrax-in-the-albufera-of-valencia\/\" \/>\n<meta property=\"og:locale\" content=\"en_US\" \/>\n<meta property=\"og:type\" content=\"article\" \/>\n<meta property=\"og:title\" content=\"ECOLUBAL - Research and analysis of the future prospects for the sustainable reintroduction of organic sea bass (Dicentrarchus labrax) in the Albufera of Valencia. - Fundaci\u00f3n Biodiversidad\" \/>\n<meta property=\"og:description\" content=\"Description: The project has consisted of the development of research based on the pilot trial of organic sea bass growth in the Albufera de Valencia [&hellip;]\" \/>\n<meta property=\"og:url\" content=\"https:\/\/fundacion-biodiversidad.es\/en\/programa_pleamar\/ecolubal-research-and-analysis-of-the-future-prospects-for-the-sustainable-reintroduction-of-organic-sea-bass-dicentrarchus-labrax-in-the-albufera-of-valencia\/\" \/>\n<meta property=\"og:site_name\" content=\"Fundaci\u00f3n Biodiversidad\" \/>\n<meta property=\"og:image\" content=\"https:\/\/fundacion-biodiversidad.es\/wp-content\/uploads\/2022\/11\/no-imagen.jpg\" \/>\n\t<meta property=\"og:image:width\" content=\"2048\" \/>\n\t<meta property=\"og:image:height\" content=\"2048\" \/>\n\t<meta property=\"og:image:type\" content=\"image\/jpeg\" \/>\n<meta name=\"twitter:card\" content=\"summary_large_image\" \/>\n<meta name=\"twitter:label1\" content=\"Est. reading time\" \/>\n\t<meta name=\"twitter:data1\" content=\"2 minutes\" \/>\n<script type=\"application\/ld+json\" class=\"yoast-schema-graph\">{\"@context\":\"https:\/\/schema.org\",\"@graph\":[{\"@type\":\"WebPage\",\"@id\":\"https:\/\/fundacion-biodiversidad.es\/en\/programa_pleamar\/ecolubal-research-and-analysis-of-the-future-prospects-for-the-sustainable-reintroduction-of-organic-sea-bass-dicentrarchus-labrax-in-the-albufera-of-valencia\/\",\"url\":\"https:\/\/fundacion-biodiversidad.es\/en\/programa_pleamar\/ecolubal-research-and-analysis-of-the-future-prospects-for-the-sustainable-reintroduction-of-organic-sea-bass-dicentrarchus-labrax-in-the-albufera-of-valencia\/\",\"name\":\"ECOLUBAL - Research and analysis of the future prospects for the sustainable reintroduction of organic sea bass (Dicentrarchus labrax) in the Albufera of Valencia. - Fundaci\u00f3n Biodiversidad\",\"isPartOf\":{\"@id\":\"https:\/\/fundacion-biodiversidad.es\/en\/#website\"},\"primaryImageOfPage\":{\"@id\":\"https:\/\/fundacion-biodiversidad.es\/en\/programa_pleamar\/ecolubal-research-and-analysis-of-the-future-prospects-for-the-sustainable-reintroduction-of-organic-sea-bass-dicentrarchus-labrax-in-the-albufera-of-valencia\/#primaryimage\"},\"image\":{\"@id\":\"https:\/\/fundacion-biodiversidad.es\/en\/programa_pleamar\/ecolubal-research-and-analysis-of-the-future-prospects-for-the-sustainable-reintroduction-of-organic-sea-bass-dicentrarchus-labrax-in-the-albufera-of-valencia\/#primaryimage\"},\"thumbnailUrl\":\"https:\/\/fundacion-biodiversidad.es\/wp-content\/uploads\/2022\/11\/no-imagen.jpg\",\"datePublished\":\"2017-12-20T10:27:08+00:00\",\"breadcrumb\":{\"@id\":\"https:\/\/fundacion-biodiversidad.es\/en\/programa_pleamar\/ecolubal-research-and-analysis-of-the-future-prospects-for-the-sustainable-reintroduction-of-organic-sea-bass-dicentrarchus-labrax-in-the-albufera-of-valencia\/#breadcrumb\"},\"inLanguage\":\"en-US\",\"potentialAction\":[{\"@type\":\"ReadAction\",\"target\":[\"https:\/\/fundacion-biodiversidad.es\/en\/programa_pleamar\/ecolubal-research-and-analysis-of-the-future-prospects-for-the-sustainable-reintroduction-of-organic-sea-bass-dicentrarchus-labrax-in-the-albufera-of-valencia\/\"]}]},{\"@type\":\"ImageObject\",\"inLanguage\":\"en-US\",\"@id\":\"https:\/\/fundacion-biodiversidad.es\/en\/programa_pleamar\/ecolubal-research-and-analysis-of-the-future-prospects-for-the-sustainable-reintroduction-of-organic-sea-bass-dicentrarchus-labrax-in-the-albufera-of-valencia\/#primaryimage\",\"url\":\"https:\/\/fundacion-biodiversidad.es\/wp-content\/uploads\/2022\/11\/no-imagen.jpg\",\"contentUrl\":\"https:\/\/fundacion-biodiversidad.es\/wp-content\/uploads\/2022\/11\/no-imagen.jpg\",\"width\":2048,\"height\":2048,\"caption\":\"Formaci\u00f3n en medio ambiente natural\"},{\"@type\":\"BreadcrumbList\",\"@id\":\"https:\/\/fundacion-biodiversidad.es\/en\/programa_pleamar\/ecolubal-research-and-analysis-of-the-future-prospects-for-the-sustainable-reintroduction-of-organic-sea-bass-dicentrarchus-labrax-in-the-albufera-of-valencia\/#breadcrumb\",\"itemListElement\":[{\"@type\":\"ListItem\",\"position\":1,\"name\":\"Portada\",\"item\":\"https:\/\/fundacion-biodiversidad.es\/en\/inicio\/\"},{\"@type\":\"ListItem\",\"position\":2,\"name\":\"Programa pleamar\",\"item\":\"https:\/\/fundacion-biodiversidad.es\/en\/programa_pleamar\/\"},{\"@type\":\"ListItem\",\"position\":3,\"name\":\"ECOLUBAL &#8211; Research and analysis of the future prospects for the sustainable reintroduction of organic sea bass (Dicentrarchus labrax) in the Albufera of Valencia.\"}]},{\"@type\":\"WebSite\",\"@id\":\"https:\/\/fundacion-biodiversidad.es\/en\/#website\",\"url\":\"https:\/\/fundacion-biodiversidad.es\/en\/\",\"name\":\"Fundaci\u00f3n Biodiversidad\",\"description\":\"Fundaci\u00f3n p\u00fablica adscrita al Ministerio para la Transici\u00f3n Ecol\u00f3gica\",\"potentialAction\":[{\"@type\":\"SearchAction\",\"target\":{\"@type\":\"EntryPoint\",\"urlTemplate\":\"https:\/\/fundacion-biodiversidad.es\/en\/?s={search_term_string}\"},\"query-input\":{\"@type\":\"PropertyValueSpecification\",\"valueRequired\":true,\"valueName\":\"search_term_string\"}}],\"inLanguage\":\"en-US\"}]}<\/script>\n<!-- \/ Yoast SEO plugin. -->","yoast_head_json":{"title":"ECOLUBAL - Research and analysis of the future prospects for the sustainable reintroduction of organic sea bass (Dicentrarchus labrax) in the Albufera of Valencia. - Fundaci\u00f3n Biodiversidad","robots":{"index":"index","follow":"follow","max-snippet":"max-snippet:-1","max-image-preview":"max-image-preview:large","max-video-preview":"max-video-preview:-1"},"canonical":"https:\/\/fundacion-biodiversidad.es\/en\/programa_pleamar\/ecolubal-research-and-analysis-of-the-future-prospects-for-the-sustainable-reintroduction-of-organic-sea-bass-dicentrarchus-labrax-in-the-albufera-of-valencia\/","og_locale":"en_US","og_type":"article","og_title":"ECOLUBAL - Research and analysis of the future prospects for the sustainable reintroduction of organic sea bass (Dicentrarchus labrax) in the Albufera of Valencia. - Fundaci\u00f3n Biodiversidad","og_description":"Description: The project has consisted of the development of research based on the pilot trial of organic sea bass growth in the Albufera de Valencia [&hellip;]","og_url":"https:\/\/fundacion-biodiversidad.es\/en\/programa_pleamar\/ecolubal-research-and-analysis-of-the-future-prospects-for-the-sustainable-reintroduction-of-organic-sea-bass-dicentrarchus-labrax-in-the-albufera-of-valencia\/","og_site_name":"Fundaci\u00f3n Biodiversidad","og_image":[{"width":2048,"height":2048,"url":"https:\/\/fundacion-biodiversidad.es\/wp-content\/uploads\/2022\/11\/no-imagen.jpg","type":"image\/jpeg"}],"twitter_card":"summary_large_image","twitter_misc":{"Est. reading time":"2 minutes"},"schema":{"@context":"https:\/\/schema.org","@graph":[{"@type":"WebPage","@id":"https:\/\/fundacion-biodiversidad.es\/en\/programa_pleamar\/ecolubal-research-and-analysis-of-the-future-prospects-for-the-sustainable-reintroduction-of-organic-sea-bass-dicentrarchus-labrax-in-the-albufera-of-valencia\/","url":"https:\/\/fundacion-biodiversidad.es\/en\/programa_pleamar\/ecolubal-research-and-analysis-of-the-future-prospects-for-the-sustainable-reintroduction-of-organic-sea-bass-dicentrarchus-labrax-in-the-albufera-of-valencia\/","name":"ECOLUBAL - Research and analysis of the future prospects for the sustainable reintroduction of organic sea bass (Dicentrarchus labrax) in the Albufera of Valencia. - Fundaci\u00f3n Biodiversidad","isPartOf":{"@id":"https:\/\/fundacion-biodiversidad.es\/en\/#website"},"primaryImageOfPage":{"@id":"https:\/\/fundacion-biodiversidad.es\/en\/programa_pleamar\/ecolubal-research-and-analysis-of-the-future-prospects-for-the-sustainable-reintroduction-of-organic-sea-bass-dicentrarchus-labrax-in-the-albufera-of-valencia\/#primaryimage"},"image":{"@id":"https:\/\/fundacion-biodiversidad.es\/en\/programa_pleamar\/ecolubal-research-and-analysis-of-the-future-prospects-for-the-sustainable-reintroduction-of-organic-sea-bass-dicentrarchus-labrax-in-the-albufera-of-valencia\/#primaryimage"},"thumbnailUrl":"https:\/\/fundacion-biodiversidad.es\/wp-content\/uploads\/2022\/11\/no-imagen.jpg","datePublished":"2017-12-20T10:27:08+00:00","breadcrumb":{"@id":"https:\/\/fundacion-biodiversidad.es\/en\/programa_pleamar\/ecolubal-research-and-analysis-of-the-future-prospects-for-the-sustainable-reintroduction-of-organic-sea-bass-dicentrarchus-labrax-in-the-albufera-of-valencia\/#breadcrumb"},"inLanguage":"en-US","potentialAction":[{"@type":"ReadAction","target":["https:\/\/fundacion-biodiversidad.es\/en\/programa_pleamar\/ecolubal-research-and-analysis-of-the-future-prospects-for-the-sustainable-reintroduction-of-organic-sea-bass-dicentrarchus-labrax-in-the-albufera-of-valencia\/"]}]},{"@type":"ImageObject","inLanguage":"en-US","@id":"https:\/\/fundacion-biodiversidad.es\/en\/programa_pleamar\/ecolubal-research-and-analysis-of-the-future-prospects-for-the-sustainable-reintroduction-of-organic-sea-bass-dicentrarchus-labrax-in-the-albufera-of-valencia\/#primaryimage","url":"https:\/\/fundacion-biodiversidad.es\/wp-content\/uploads\/2022\/11\/no-imagen.jpg","contentUrl":"https:\/\/fundacion-biodiversidad.es\/wp-content\/uploads\/2022\/11\/no-imagen.jpg","width":2048,"height":2048,"caption":"Formaci\u00f3n en medio ambiente natural"},{"@type":"BreadcrumbList","@id":"https:\/\/fundacion-biodiversidad.es\/en\/programa_pleamar\/ecolubal-research-and-analysis-of-the-future-prospects-for-the-sustainable-reintroduction-of-organic-sea-bass-dicentrarchus-labrax-in-the-albufera-of-valencia\/#breadcrumb","itemListElement":[{"@type":"ListItem","position":1,"name":"Portada","item":"https:\/\/fundacion-biodiversidad.es\/en\/inicio\/"},{"@type":"ListItem","position":2,"name":"Programa pleamar","item":"https:\/\/fundacion-biodiversidad.es\/en\/programa_pleamar\/"},{"@type":"ListItem","position":3,"name":"ECOLUBAL &#8211; Research and analysis of the future prospects for the sustainable reintroduction of organic sea bass (Dicentrarchus labrax) in the Albufera of Valencia."}]},{"@type":"WebSite","@id":"https:\/\/fundacion-biodiversidad.es\/en\/#website","url":"https:\/\/fundacion-biodiversidad.es\/en\/","name":"Fundaci\u00f3n Biodiversidad","description":"Fundaci\u00f3n p\u00fablica adscrita al Ministerio para la Transici\u00f3n Ecol\u00f3gica","potentialAction":[{"@type":"SearchAction","target":{"@type":"EntryPoint","urlTemplate":"https:\/\/fundacion-biodiversidad.es\/en\/?s={search_term_string}"},"query-input":{"@type":"PropertyValueSpecification","valueRequired":true,"valueName":"search_term_string"}}],"inLanguage":"en-US"}]}},"_links":{"self":[{"href":"https:\/\/fundacion-biodiversidad.es\/en\/wp-json\/wp\/v2\/programa_pleamar\/97861685","targetHints":{"allow":["GET"]}}],"collection":[{"href":"https:\/\/fundacion-biodiversidad.es\/en\/wp-json\/wp\/v2\/programa_pleamar"}],"about":[{"href":"https:\/\/fundacion-biodiversidad.es\/en\/wp-json\/wp\/v2\/types\/programa_pleamar"}],"wp:featuredmedia":[{"embeddable":true,"href":"https:\/\/fundacion-biodiversidad.es\/en\/wp-json\/wp\/v2\/media\/22405"}],"wp:attachment":[{"href":"https:\/\/fundacion-biodiversidad.es\/en\/wp-json\/wp\/v2\/media?parent=97861685"}],"wp:term":[{"taxonomy":"financiaci_n","embeddable":true,"href":"https:\/\/fundacion-biodiversidad.es\/en\/wp-json\/wp\/v2\/financiaci_n?post=97861685"},{"taxonomy":"lineas_actuacion_tematicas","embeddable":true,"href":"https:\/\/fundacion-biodiversidad.es\/en\/wp-json\/wp\/v2\/lineas_actuacion_tematicas?post=97861685"}],"curies":[{"name":"wp","href":"https:\/\/api.w.org\/{rel}","templated":true}]}}