{"id":97861696,"date":"2017-12-19T11:13:45","date_gmt":"2017-12-19T10:13:45","guid":{"rendered":"https:\/\/fundacion-biodiversidad.es\/programa_pleamar\/mendes-comprehensive-approach-to-the-minimisation-and-management-of-unwanted-catch-formerly-discards-of-the-spanish-fleet-that-operates-trawling-in-the-waters-of-the-bay-of-biscay-and-the-iberian\/"},"modified":"2017-12-19T11:13:45","modified_gmt":"2017-12-19T10:13:45","slug":"mendes-comprehensive-approach-to-the-minimisation-and-management-of-unwanted-catch-formerly-discards-of-the-spanish-fleet-that-operates-trawling-in-the-waters-of-the-bay-of-biscay-and-the-iberian","status":"publish","type":"programa_pleamar","link":"https:\/\/fundacion-biodiversidad.es\/en\/programa_pleamar\/mendes-comprehensive-approach-to-the-minimisation-and-management-of-unwanted-catch-formerly-discards-of-the-spanish-fleet-that-operates-trawling-in-the-waters-of-the-bay-of-biscay-and-the-iberian\/","title":{"rendered":"MENDES &#8211; Comprehensive approach to the minimisation and management of unwanted catch (formerly discards) of the Spanish fleet that operates trawling in the waters of the Bay of Biscay and the Iberian Northwest"},"content":{"rendered":"<div class=\"field-label\" style=\"text-align: justify\">\n            <strong>Description:  <\/strong>\n          <\/div>\n<div class=\"field-items\">\n<div class=\"field-item even\">\n<p class=\"rtejustify\" style=\"text-align: justify\">Within the framework of the new Common Fisheries Policy (CFP) and based on the fact that since January 2019 the entire catch of fish species subject to TACs must be brought ashore, unloaded and accounted for against quota, the project aims to promote the adaptation of the fishing activity of the trawl fleets of the Bay of Biscay and the Iberian Northwest to the European regulation on Landing Obligation.<\/p>\n<p class=\"rtejustify\" style=\"text-align: justify\">To this end, an initial diagnosis of the specific problems of the fleet associated with compliance with the OD regulation has been developed. Based on this and the specific characteristics of the trawling gear, selective devices have been designed and built to be tested and evaluate their effectiveness. Likewise, a socio-economic assessment of the effects of the operational measures has also been carried out to comply with the obligation to disembark and offer, at the same time, alternatives that minimise the economic impact and guarantee continued activity.  <\/p>\n<p><a href=\"https:\/\/www.programapleamar.es\/proyectos\/mendes-aproximacion-integral-la-minimizacion-y-manejo-de-la-captura-no-deseada-antes\">See the project<\/a>.<\/p>\n<\/div><\/div>\n","protected":false},"featured_media":22405,"parent":0,"template":"","meta":{"_acf_changed":false},"financiaci_n":[652],"lineas_actuacion_tematicas":[655],"class_list":["post-97861696","programa_pleamar","type-programa_pleamar","status-publish","has-post-thumbnail","hentry","financiaci_n-fondo-europeo-maritimo-de-pesca-en","lineas_actuacion_tematicas-marine-ecosystems"],"acf":[],"yoast_head":"<!-- This site is optimized with the Yoast SEO plugin v26.9 - https:\/\/yoast.com\/product\/yoast-seo-wordpress\/ -->\n<title>MENDES - Comprehensive approach to the minimisation and management of unwanted catch (formerly discards) of the Spanish fleet that operates trawling in the waters of the Bay of Biscay and the Iberian Northwest - Fundaci\u00f3n Biodiversidad<\/title>\n<meta name=\"robots\" content=\"index, follow, max-snippet:-1, max-image-preview:large, max-video-preview:-1\" \/>\n<link rel=\"canonical\" href=\"https:\/\/fundacion-biodiversidad.es\/en\/programa_pleamar\/mendes-comprehensive-approach-to-the-minimisation-and-management-of-unwanted-catch-formerly-discards-of-the-spanish-fleet-that-operates-trawling-in-the-waters-of-the-bay-of-biscay-and-the-iberian\/\" \/>\n<meta property=\"og:locale\" content=\"en_US\" \/>\n<meta property=\"og:type\" content=\"article\" \/>\n<meta property=\"og:title\" content=\"MENDES - Comprehensive approach to the minimisation and management of unwanted catch (formerly discards) of the Spanish fleet that operates trawling in the waters of the Bay of Biscay and the Iberian Northwest - Fundaci\u00f3n Biodiversidad\" \/>\n<meta property=\"og:description\" content=\"Description: Within the framework of the new Common Fisheries Policy (CFP) and based on the fact that since January 2019 the entire catch of fish [&hellip;]\" \/>\n<meta property=\"og:url\" content=\"https:\/\/fundacion-biodiversidad.es\/en\/programa_pleamar\/mendes-comprehensive-approach-to-the-minimisation-and-management-of-unwanted-catch-formerly-discards-of-the-spanish-fleet-that-operates-trawling-in-the-waters-of-the-bay-of-biscay-and-the-iberian\/\" \/>\n<meta property=\"og:site_name\" content=\"Fundaci\u00f3n Biodiversidad\" \/>\n<meta property=\"og:image\" content=\"https:\/\/fundacion-biodiversidad.es\/wp-content\/uploads\/2022\/11\/no-imagen.jpg\" \/>\n\t<meta property=\"og:image:width\" content=\"2048\" \/>\n\t<meta property=\"og:image:height\" content=\"2048\" \/>\n\t<meta property=\"og:image:type\" content=\"image\/jpeg\" \/>\n<meta name=\"twitter:card\" content=\"summary_large_image\" \/>\n<meta name=\"twitter:label1\" content=\"Est. reading time\" \/>\n\t<meta name=\"twitter:data1\" content=\"1 minute\" \/>\n<script type=\"application\/ld+json\" class=\"yoast-schema-graph\">{\"@context\":\"https:\/\/schema.org\",\"@graph\":[{\"@type\":\"WebPage\",\"@id\":\"https:\/\/fundacion-biodiversidad.es\/en\/programa_pleamar\/mendes-comprehensive-approach-to-the-minimisation-and-management-of-unwanted-catch-formerly-discards-of-the-spanish-fleet-that-operates-trawling-in-the-waters-of-the-bay-of-biscay-and-the-iberian\/\",\"url\":\"https:\/\/fundacion-biodiversidad.es\/en\/programa_pleamar\/mendes-comprehensive-approach-to-the-minimisation-and-management-of-unwanted-catch-formerly-discards-of-the-spanish-fleet-that-operates-trawling-in-the-waters-of-the-bay-of-biscay-and-the-iberian\/\",\"name\":\"MENDES - Comprehensive approach to the minimisation and management of unwanted catch (formerly discards) of the Spanish fleet that operates trawling in the waters of the Bay of Biscay and the Iberian Northwest - Fundaci\u00f3n Biodiversidad\",\"isPartOf\":{\"@id\":\"https:\/\/fundacion-biodiversidad.es\/en\/#website\"},\"primaryImageOfPage\":{\"@id\":\"https:\/\/fundacion-biodiversidad.es\/en\/programa_pleamar\/mendes-comprehensive-approach-to-the-minimisation-and-management-of-unwanted-catch-formerly-discards-of-the-spanish-fleet-that-operates-trawling-in-the-waters-of-the-bay-of-biscay-and-the-iberian\/#primaryimage\"},\"image\":{\"@id\":\"https:\/\/fundacion-biodiversidad.es\/en\/programa_pleamar\/mendes-comprehensive-approach-to-the-minimisation-and-management-of-unwanted-catch-formerly-discards-of-the-spanish-fleet-that-operates-trawling-in-the-waters-of-the-bay-of-biscay-and-the-iberian\/#primaryimage\"},\"thumbnailUrl\":\"https:\/\/fundacion-biodiversidad.es\/wp-content\/uploads\/2022\/11\/no-imagen.jpg\",\"datePublished\":\"2017-12-19T10:13:45+00:00\",\"breadcrumb\":{\"@id\":\"https:\/\/fundacion-biodiversidad.es\/en\/programa_pleamar\/mendes-comprehensive-approach-to-the-minimisation-and-management-of-unwanted-catch-formerly-discards-of-the-spanish-fleet-that-operates-trawling-in-the-waters-of-the-bay-of-biscay-and-the-iberian\/#breadcrumb\"},\"inLanguage\":\"en-US\",\"potentialAction\":[{\"@type\":\"ReadAction\",\"target\":[\"https:\/\/fundacion-biodiversidad.es\/en\/programa_pleamar\/mendes-comprehensive-approach-to-the-minimisation-and-management-of-unwanted-catch-formerly-discards-of-the-spanish-fleet-that-operates-trawling-in-the-waters-of-the-bay-of-biscay-and-the-iberian\/\"]}]},{\"@type\":\"ImageObject\",\"inLanguage\":\"en-US\",\"@id\":\"https:\/\/fundacion-biodiversidad.es\/en\/programa_pleamar\/mendes-comprehensive-approach-to-the-minimisation-and-management-of-unwanted-catch-formerly-discards-of-the-spanish-fleet-that-operates-trawling-in-the-waters-of-the-bay-of-biscay-and-the-iberian\/#primaryimage\",\"url\":\"https:\/\/fundacion-biodiversidad.es\/wp-content\/uploads\/2022\/11\/no-imagen.jpg\",\"contentUrl\":\"https:\/\/fundacion-biodiversidad.es\/wp-content\/uploads\/2022\/11\/no-imagen.jpg\",\"width\":2048,\"height\":2048,\"caption\":\"Formaci\u00f3n en medio ambiente natural\"},{\"@type\":\"BreadcrumbList\",\"@id\":\"https:\/\/fundacion-biodiversidad.es\/en\/programa_pleamar\/mendes-comprehensive-approach-to-the-minimisation-and-management-of-unwanted-catch-formerly-discards-of-the-spanish-fleet-that-operates-trawling-in-the-waters-of-the-bay-of-biscay-and-the-iberian\/#breadcrumb\",\"itemListElement\":[{\"@type\":\"ListItem\",\"position\":1,\"name\":\"Portada\",\"item\":\"https:\/\/fundacion-biodiversidad.es\/en\/inicio\/\"},{\"@type\":\"ListItem\",\"position\":2,\"name\":\"Programa pleamar\",\"item\":\"https:\/\/fundacion-biodiversidad.es\/en\/programa_pleamar\/\"},{\"@type\":\"ListItem\",\"position\":3,\"name\":\"MENDES &#8211; Comprehensive approach to the minimisation and management of unwanted catch (formerly discards) of the Spanish fleet that operates trawling in the waters of the Bay of Biscay and the Iberian Northwest\"}]},{\"@type\":\"WebSite\",\"@id\":\"https:\/\/fundacion-biodiversidad.es\/en\/#website\",\"url\":\"https:\/\/fundacion-biodiversidad.es\/en\/\",\"name\":\"Fundaci\u00f3n Biodiversidad\",\"description\":\"Fundaci\u00f3n p\u00fablica adscrita al Ministerio para la Transici\u00f3n Ecol\u00f3gica\",\"potentialAction\":[{\"@type\":\"SearchAction\",\"target\":{\"@type\":\"EntryPoint\",\"urlTemplate\":\"https:\/\/fundacion-biodiversidad.es\/en\/?s={search_term_string}\"},\"query-input\":{\"@type\":\"PropertyValueSpecification\",\"valueRequired\":true,\"valueName\":\"search_term_string\"}}],\"inLanguage\":\"en-US\"}]}<\/script>\n<!-- \/ Yoast SEO plugin. -->","yoast_head_json":{"title":"MENDES - Comprehensive approach to the minimisation and management of unwanted catch (formerly discards) of the Spanish fleet that operates trawling in the waters of the Bay of Biscay and the Iberian Northwest - Fundaci\u00f3n Biodiversidad","robots":{"index":"index","follow":"follow","max-snippet":"max-snippet:-1","max-image-preview":"max-image-preview:large","max-video-preview":"max-video-preview:-1"},"canonical":"https:\/\/fundacion-biodiversidad.es\/en\/programa_pleamar\/mendes-comprehensive-approach-to-the-minimisation-and-management-of-unwanted-catch-formerly-discards-of-the-spanish-fleet-that-operates-trawling-in-the-waters-of-the-bay-of-biscay-and-the-iberian\/","og_locale":"en_US","og_type":"article","og_title":"MENDES - Comprehensive approach to the minimisation and management of unwanted catch (formerly discards) of the Spanish fleet that operates trawling in the waters of the Bay of Biscay and the Iberian Northwest - Fundaci\u00f3n Biodiversidad","og_description":"Description: Within the framework of the new Common Fisheries Policy (CFP) and based on the fact that since January 2019 the entire catch of fish [&hellip;]","og_url":"https:\/\/fundacion-biodiversidad.es\/en\/programa_pleamar\/mendes-comprehensive-approach-to-the-minimisation-and-management-of-unwanted-catch-formerly-discards-of-the-spanish-fleet-that-operates-trawling-in-the-waters-of-the-bay-of-biscay-and-the-iberian\/","og_site_name":"Fundaci\u00f3n Biodiversidad","og_image":[{"width":2048,"height":2048,"url":"https:\/\/fundacion-biodiversidad.es\/wp-content\/uploads\/2022\/11\/no-imagen.jpg","type":"image\/jpeg"}],"twitter_card":"summary_large_image","twitter_misc":{"Est. reading time":"1 minute"},"schema":{"@context":"https:\/\/schema.org","@graph":[{"@type":"WebPage","@id":"https:\/\/fundacion-biodiversidad.es\/en\/programa_pleamar\/mendes-comprehensive-approach-to-the-minimisation-and-management-of-unwanted-catch-formerly-discards-of-the-spanish-fleet-that-operates-trawling-in-the-waters-of-the-bay-of-biscay-and-the-iberian\/","url":"https:\/\/fundacion-biodiversidad.es\/en\/programa_pleamar\/mendes-comprehensive-approach-to-the-minimisation-and-management-of-unwanted-catch-formerly-discards-of-the-spanish-fleet-that-operates-trawling-in-the-waters-of-the-bay-of-biscay-and-the-iberian\/","name":"MENDES - Comprehensive approach to the minimisation and management of unwanted catch (formerly discards) of the Spanish fleet that operates trawling in the waters of the Bay of Biscay and the Iberian Northwest - Fundaci\u00f3n Biodiversidad","isPartOf":{"@id":"https:\/\/fundacion-biodiversidad.es\/en\/#website"},"primaryImageOfPage":{"@id":"https:\/\/fundacion-biodiversidad.es\/en\/programa_pleamar\/mendes-comprehensive-approach-to-the-minimisation-and-management-of-unwanted-catch-formerly-discards-of-the-spanish-fleet-that-operates-trawling-in-the-waters-of-the-bay-of-biscay-and-the-iberian\/#primaryimage"},"image":{"@id":"https:\/\/fundacion-biodiversidad.es\/en\/programa_pleamar\/mendes-comprehensive-approach-to-the-minimisation-and-management-of-unwanted-catch-formerly-discards-of-the-spanish-fleet-that-operates-trawling-in-the-waters-of-the-bay-of-biscay-and-the-iberian\/#primaryimage"},"thumbnailUrl":"https:\/\/fundacion-biodiversidad.es\/wp-content\/uploads\/2022\/11\/no-imagen.jpg","datePublished":"2017-12-19T10:13:45+00:00","breadcrumb":{"@id":"https:\/\/fundacion-biodiversidad.es\/en\/programa_pleamar\/mendes-comprehensive-approach-to-the-minimisation-and-management-of-unwanted-catch-formerly-discards-of-the-spanish-fleet-that-operates-trawling-in-the-waters-of-the-bay-of-biscay-and-the-iberian\/#breadcrumb"},"inLanguage":"en-US","potentialAction":[{"@type":"ReadAction","target":["https:\/\/fundacion-biodiversidad.es\/en\/programa_pleamar\/mendes-comprehensive-approach-to-the-minimisation-and-management-of-unwanted-catch-formerly-discards-of-the-spanish-fleet-that-operates-trawling-in-the-waters-of-the-bay-of-biscay-and-the-iberian\/"]}]},{"@type":"ImageObject","inLanguage":"en-US","@id":"https:\/\/fundacion-biodiversidad.es\/en\/programa_pleamar\/mendes-comprehensive-approach-to-the-minimisation-and-management-of-unwanted-catch-formerly-discards-of-the-spanish-fleet-that-operates-trawling-in-the-waters-of-the-bay-of-biscay-and-the-iberian\/#primaryimage","url":"https:\/\/fundacion-biodiversidad.es\/wp-content\/uploads\/2022\/11\/no-imagen.jpg","contentUrl":"https:\/\/fundacion-biodiversidad.es\/wp-content\/uploads\/2022\/11\/no-imagen.jpg","width":2048,"height":2048,"caption":"Formaci\u00f3n en medio ambiente natural"},{"@type":"BreadcrumbList","@id":"https:\/\/fundacion-biodiversidad.es\/en\/programa_pleamar\/mendes-comprehensive-approach-to-the-minimisation-and-management-of-unwanted-catch-formerly-discards-of-the-spanish-fleet-that-operates-trawling-in-the-waters-of-the-bay-of-biscay-and-the-iberian\/#breadcrumb","itemListElement":[{"@type":"ListItem","position":1,"name":"Portada","item":"https:\/\/fundacion-biodiversidad.es\/en\/inicio\/"},{"@type":"ListItem","position":2,"name":"Programa pleamar","item":"https:\/\/fundacion-biodiversidad.es\/en\/programa_pleamar\/"},{"@type":"ListItem","position":3,"name":"MENDES &#8211; Comprehensive approach to the minimisation and management of unwanted catch (formerly discards) of the Spanish fleet that operates trawling in the waters of the Bay of Biscay and the Iberian Northwest"}]},{"@type":"WebSite","@id":"https:\/\/fundacion-biodiversidad.es\/en\/#website","url":"https:\/\/fundacion-biodiversidad.es\/en\/","name":"Fundaci\u00f3n Biodiversidad","description":"Fundaci\u00f3n p\u00fablica adscrita al Ministerio para la Transici\u00f3n Ecol\u00f3gica","potentialAction":[{"@type":"SearchAction","target":{"@type":"EntryPoint","urlTemplate":"https:\/\/fundacion-biodiversidad.es\/en\/?s={search_term_string}"},"query-input":{"@type":"PropertyValueSpecification","valueRequired":true,"valueName":"search_term_string"}}],"inLanguage":"en-US"}]}},"_links":{"self":[{"href":"https:\/\/fundacion-biodiversidad.es\/en\/wp-json\/wp\/v2\/programa_pleamar\/97861696","targetHints":{"allow":["GET"]}}],"collection":[{"href":"https:\/\/fundacion-biodiversidad.es\/en\/wp-json\/wp\/v2\/programa_pleamar"}],"about":[{"href":"https:\/\/fundacion-biodiversidad.es\/en\/wp-json\/wp\/v2\/types\/programa_pleamar"}],"wp:featuredmedia":[{"embeddable":true,"href":"https:\/\/fundacion-biodiversidad.es\/en\/wp-json\/wp\/v2\/media\/22405"}],"wp:attachment":[{"href":"https:\/\/fundacion-biodiversidad.es\/en\/wp-json\/wp\/v2\/media?parent=97861696"}],"wp:term":[{"taxonomy":"financiaci_n","embeddable":true,"href":"https:\/\/fundacion-biodiversidad.es\/en\/wp-json\/wp\/v2\/financiaci_n?post=97861696"},{"taxonomy":"lineas_actuacion_tematicas","embeddable":true,"href":"https:\/\/fundacion-biodiversidad.es\/en\/wp-json\/wp\/v2\/lineas_actuacion_tematicas?post=97861696"}],"curies":[{"name":"wp","href":"https:\/\/api.w.org\/{rel}","templated":true}]}}