{"id":97873507,"date":"2026-03-27T13:52:19","date_gmt":"2026-03-27T12:52:19","guid":{"rendered":"https:\/\/fundacion-biodiversidad.es\/proyecto_feder\/strengthens-comprehensive-strengthening-of-the-forest-bioeconomy-in-the-sierras-of-the-southeast-peninsula-through-regenerative-forestry-social-innovation-and-the-strengthening-of-the-value-chain-of\/"},"modified":"2026-03-27T13:52:19","modified_gmt":"2026-03-27T12:52:19","slug":"strengthens-comprehensive-strengthening-of-the-forest-bioeconomy-in-the-sierras-of-the-southeast-peninsula-through-regenerative-forestry-social-innovation-and-the-strengthening-of-the-value-chain-of","status":"publish","type":"proyecto_feder","link":"https:\/\/fundacion-biodiversidad.es\/en\/proyecto_feder\/strengthens-comprehensive-strengthening-of-the-forest-bioeconomy-in-the-sierras-of-the-southeast-peninsula-through-regenerative-forestry-social-innovation-and-the-strengthening-of-the-value-chain-of\/","title":{"rendered":"STRENGTHENS. Comprehensive strengthening of the forest bioeconomy in the Sierras of the Southeast Peninsula through regenerative forestry, social innovation and the strengthening of the value chain of wood and ecosystem services."},"content":{"rendered":"<p>The project works to change the dynamics of forest management in the southeast of the peninsula by giving continuity to the REVIERTE project (PRTR 2023) and extrapolating methodologies to several provinces with similar characteristics. To this end, it organises and promotes communities of owners and irrigators and promotes the characterisation of wood with 4 regenerative silvicultural itineraries of 3,000 ha, achieving the mapping of 70,000 ha. In addition, actions are integrated in water management of 2,200 ha, in certified sustainable forest management of 14,000 ha and in certification of ecosystem services of 300 ha. All this is intended to contribute to the conservation and restoration of degraded habitats, strengthen fire prevention and climate adaptation, as well as achieve results related to green infrastructure and governance with 21,900 hectares improved, 2,000 community members benefited, 283 people trained and 300 hectares PEFC-Water certified.   <\/p>\n","protected":false},"featured_media":97873506,"parent":0,"template":"","meta":{"_acf_changed":false},"financiaci_n":[714],"lineas_actuacion_tematicas":[654],"class_list":["post-97873507","proyecto_feder","type-proyecto_feder","status-publish","has-post-thumbnail","hentry","financiaci_n-european-regional-development-fund","lineas_actuacion_tematicas-terrestrial-ecosystems"],"acf":[],"yoast_head":"<!-- This site is optimized with the Yoast SEO plugin v26.9 - https:\/\/yoast.com\/product\/yoast-seo-wordpress\/ -->\n<title>STRENGTHENS. Comprehensive strengthening of the forest bioeconomy in the Sierras of the Southeast Peninsula through regenerative forestry, social innovation and the strengthening of the value chain of wood and ecosystem services. - Fundaci\u00f3n Biodiversidad<\/title>\n<meta name=\"robots\" content=\"index, follow, max-snippet:-1, max-image-preview:large, max-video-preview:-1\" \/>\n<link rel=\"canonical\" href=\"https:\/\/fundacion-biodiversidad.es\/en\/proyecto_feder\/strengthens-comprehensive-strengthening-of-the-forest-bioeconomy-in-the-sierras-of-the-southeast-peninsula-through-regenerative-forestry-social-innovation-and-the-strengthening-of-the-value-chain-of\/\" \/>\n<meta property=\"og:locale\" content=\"en_US\" \/>\n<meta property=\"og:type\" content=\"article\" \/>\n<meta property=\"og:title\" content=\"STRENGTHENS. Comprehensive strengthening of the forest bioeconomy in the Sierras of the Southeast Peninsula through regenerative forestry, social innovation and the strengthening of the value chain of wood and ecosystem services. - Fundaci\u00f3n Biodiversidad\" \/>\n<meta property=\"og:description\" content=\"The project works to change the dynamics of forest management in the southeast of the peninsula by giving continuity to the REVIERTE project (PRTR 2023) [&hellip;]\" \/>\n<meta property=\"og:url\" content=\"https:\/\/fundacion-biodiversidad.es\/en\/proyecto_feder\/strengthens-comprehensive-strengthening-of-the-forest-bioeconomy-in-the-sierras-of-the-southeast-peninsula-through-regenerative-forestry-social-innovation-and-the-strengthening-of-the-value-chain-of\/\" \/>\n<meta property=\"og:site_name\" content=\"Fundaci\u00f3n Biodiversidad\" \/>\n<meta property=\"og:image\" content=\"https:\/\/fundacion-biodiversidad.es\/wp-content\/uploads\/2026\/03\/FORTALECE-FEDER_1200x628-1024x536.png\" \/>\n<meta name=\"twitter:card\" content=\"summary_large_image\" \/>\n<meta name=\"twitter:image\" content=\"https:\/\/fundacion-biodiversidad.es\/wp-content\/uploads\/2026\/03\/FORTALECE-FEDER_1200x628-1024x536.png\" \/>\n<meta name=\"twitter:label1\" content=\"Est. reading time\" \/>\n\t<meta name=\"twitter:data1\" content=\"1 minute\" \/>\n<script type=\"application\/ld+json\" class=\"yoast-schema-graph\">{\"@context\":\"https:\/\/schema.org\",\"@graph\":[{\"@type\":\"WebPage\",\"@id\":\"https:\/\/fundacion-biodiversidad.es\/en\/proyecto_feder\/strengthens-comprehensive-strengthening-of-the-forest-bioeconomy-in-the-sierras-of-the-southeast-peninsula-through-regenerative-forestry-social-innovation-and-the-strengthening-of-the-value-chain-of\/\",\"url\":\"https:\/\/fundacion-biodiversidad.es\/en\/proyecto_feder\/strengthens-comprehensive-strengthening-of-the-forest-bioeconomy-in-the-sierras-of-the-southeast-peninsula-through-regenerative-forestry-social-innovation-and-the-strengthening-of-the-value-chain-of\/\",\"name\":\"STRENGTHENS. Comprehensive strengthening of the forest bioeconomy in the Sierras of the Southeast Peninsula through regenerative forestry, social innovation and the strengthening of the value chain of wood and ecosystem services. - Fundaci\u00f3n Biodiversidad\",\"isPartOf\":{\"@id\":\"https:\/\/fundacion-biodiversidad.es\/en\/#website\"},\"primaryImageOfPage\":{\"@id\":\"https:\/\/fundacion-biodiversidad.es\/en\/proyecto_feder\/strengthens-comprehensive-strengthening-of-the-forest-bioeconomy-in-the-sierras-of-the-southeast-peninsula-through-regenerative-forestry-social-innovation-and-the-strengthening-of-the-value-chain-of\/#primaryimage\"},\"image\":{\"@id\":\"https:\/\/fundacion-biodiversidad.es\/en\/proyecto_feder\/strengthens-comprehensive-strengthening-of-the-forest-bioeconomy-in-the-sierras-of-the-southeast-peninsula-through-regenerative-forestry-social-innovation-and-the-strengthening-of-the-value-chain-of\/#primaryimage\"},\"thumbnailUrl\":\"https:\/\/fundacion-biodiversidad.es\/wp-content\/uploads\/2026\/03\/FORTALECE-RRSS-FEDER.png\",\"datePublished\":\"2026-03-27T12:52:19+00:00\",\"breadcrumb\":{\"@id\":\"https:\/\/fundacion-biodiversidad.es\/en\/proyecto_feder\/strengthens-comprehensive-strengthening-of-the-forest-bioeconomy-in-the-sierras-of-the-southeast-peninsula-through-regenerative-forestry-social-innovation-and-the-strengthening-of-the-value-chain-of\/#breadcrumb\"},\"inLanguage\":\"en-US\",\"potentialAction\":[{\"@type\":\"ReadAction\",\"target\":[\"https:\/\/fundacion-biodiversidad.es\/en\/proyecto_feder\/strengthens-comprehensive-strengthening-of-the-forest-bioeconomy-in-the-sierras-of-the-southeast-peninsula-through-regenerative-forestry-social-innovation-and-the-strengthening-of-the-value-chain-of\/\"]}]},{\"@type\":\"ImageObject\",\"inLanguage\":\"en-US\",\"@id\":\"https:\/\/fundacion-biodiversidad.es\/en\/proyecto_feder\/strengthens-comprehensive-strengthening-of-the-forest-bioeconomy-in-the-sierras-of-the-southeast-peninsula-through-regenerative-forestry-social-innovation-and-the-strengthening-of-the-value-chain-of\/#primaryimage\",\"url\":\"https:\/\/fundacion-biodiversidad.es\/wp-content\/uploads\/2026\/03\/FORTALECE-RRSS-FEDER.png\",\"contentUrl\":\"https:\/\/fundacion-biodiversidad.es\/wp-content\/uploads\/2026\/03\/FORTALECE-RRSS-FEDER.png\",\"width\":1100,\"height\":1100},{\"@type\":\"BreadcrumbList\",\"@id\":\"https:\/\/fundacion-biodiversidad.es\/en\/proyecto_feder\/strengthens-comprehensive-strengthening-of-the-forest-bioeconomy-in-the-sierras-of-the-southeast-peninsula-through-regenerative-forestry-social-innovation-and-the-strengthening-of-the-value-chain-of\/#breadcrumb\",\"itemListElement\":[{\"@type\":\"ListItem\",\"position\":1,\"name\":\"Portada\",\"item\":\"https:\/\/fundacion-biodiversidad.es\/en\/inicio\/\"},{\"@type\":\"ListItem\",\"position\":2,\"name\":\"ERDF Projects\",\"item\":\"https:\/\/fundacion-biodiversidad.es\/en\/proyecto_feder\/\"},{\"@type\":\"ListItem\",\"position\":3,\"name\":\"STRENGTHENS. Comprehensive strengthening of the forest bioeconomy in the Sierras of the Southeast Peninsula through regenerative forestry, social innovation and the strengthening of the value chain of wood and ecosystem services.\"}]},{\"@type\":\"WebSite\",\"@id\":\"https:\/\/fundacion-biodiversidad.es\/en\/#website\",\"url\":\"https:\/\/fundacion-biodiversidad.es\/en\/\",\"name\":\"Fundaci\u00f3n Biodiversidad\",\"description\":\"Fundaci\u00f3n p\u00fablica adscrita al Ministerio para la Transici\u00f3n Ecol\u00f3gica\",\"potentialAction\":[{\"@type\":\"SearchAction\",\"target\":{\"@type\":\"EntryPoint\",\"urlTemplate\":\"https:\/\/fundacion-biodiversidad.es\/en\/?s={search_term_string}\"},\"query-input\":{\"@type\":\"PropertyValueSpecification\",\"valueRequired\":true,\"valueName\":\"search_term_string\"}}],\"inLanguage\":\"en-US\"}]}<\/script>\n<!-- \/ Yoast SEO plugin. -->","yoast_head_json":{"title":"STRENGTHENS. Comprehensive strengthening of the forest bioeconomy in the Sierras of the Southeast Peninsula through regenerative forestry, social innovation and the strengthening of the value chain of wood and ecosystem services. - Fundaci\u00f3n Biodiversidad","robots":{"index":"index","follow":"follow","max-snippet":"max-snippet:-1","max-image-preview":"max-image-preview:large","max-video-preview":"max-video-preview:-1"},"canonical":"https:\/\/fundacion-biodiversidad.es\/en\/proyecto_feder\/strengthens-comprehensive-strengthening-of-the-forest-bioeconomy-in-the-sierras-of-the-southeast-peninsula-through-regenerative-forestry-social-innovation-and-the-strengthening-of-the-value-chain-of\/","og_locale":"en_US","og_type":"article","og_title":"STRENGTHENS. Comprehensive strengthening of the forest bioeconomy in the Sierras of the Southeast Peninsula through regenerative forestry, social innovation and the strengthening of the value chain of wood and ecosystem services. - Fundaci\u00f3n Biodiversidad","og_description":"The project works to change the dynamics of forest management in the southeast of the peninsula by giving continuity to the REVIERTE project (PRTR 2023) [&hellip;]","og_url":"https:\/\/fundacion-biodiversidad.es\/en\/proyecto_feder\/strengthens-comprehensive-strengthening-of-the-forest-bioeconomy-in-the-sierras-of-the-southeast-peninsula-through-regenerative-forestry-social-innovation-and-the-strengthening-of-the-value-chain-of\/","og_site_name":"Fundaci\u00f3n Biodiversidad","og_image":[{"url":"https:\/\/fundacion-biodiversidad.es\/wp-content\/uploads\/2026\/03\/FORTALECE-FEDER_1200x628-1024x536.png","type":"","width":"","height":""}],"twitter_card":"summary_large_image","twitter_image":"https:\/\/fundacion-biodiversidad.es\/wp-content\/uploads\/2026\/03\/FORTALECE-FEDER_1200x628-1024x536.png","twitter_misc":{"Est. reading time":"1 minute"},"schema":{"@context":"https:\/\/schema.org","@graph":[{"@type":"WebPage","@id":"https:\/\/fundacion-biodiversidad.es\/en\/proyecto_feder\/strengthens-comprehensive-strengthening-of-the-forest-bioeconomy-in-the-sierras-of-the-southeast-peninsula-through-regenerative-forestry-social-innovation-and-the-strengthening-of-the-value-chain-of\/","url":"https:\/\/fundacion-biodiversidad.es\/en\/proyecto_feder\/strengthens-comprehensive-strengthening-of-the-forest-bioeconomy-in-the-sierras-of-the-southeast-peninsula-through-regenerative-forestry-social-innovation-and-the-strengthening-of-the-value-chain-of\/","name":"STRENGTHENS. Comprehensive strengthening of the forest bioeconomy in the Sierras of the Southeast Peninsula through regenerative forestry, social innovation and the strengthening of the value chain of wood and ecosystem services. - Fundaci\u00f3n Biodiversidad","isPartOf":{"@id":"https:\/\/fundacion-biodiversidad.es\/en\/#website"},"primaryImageOfPage":{"@id":"https:\/\/fundacion-biodiversidad.es\/en\/proyecto_feder\/strengthens-comprehensive-strengthening-of-the-forest-bioeconomy-in-the-sierras-of-the-southeast-peninsula-through-regenerative-forestry-social-innovation-and-the-strengthening-of-the-value-chain-of\/#primaryimage"},"image":{"@id":"https:\/\/fundacion-biodiversidad.es\/en\/proyecto_feder\/strengthens-comprehensive-strengthening-of-the-forest-bioeconomy-in-the-sierras-of-the-southeast-peninsula-through-regenerative-forestry-social-innovation-and-the-strengthening-of-the-value-chain-of\/#primaryimage"},"thumbnailUrl":"https:\/\/fundacion-biodiversidad.es\/wp-content\/uploads\/2026\/03\/FORTALECE-RRSS-FEDER.png","datePublished":"2026-03-27T12:52:19+00:00","breadcrumb":{"@id":"https:\/\/fundacion-biodiversidad.es\/en\/proyecto_feder\/strengthens-comprehensive-strengthening-of-the-forest-bioeconomy-in-the-sierras-of-the-southeast-peninsula-through-regenerative-forestry-social-innovation-and-the-strengthening-of-the-value-chain-of\/#breadcrumb"},"inLanguage":"en-US","potentialAction":[{"@type":"ReadAction","target":["https:\/\/fundacion-biodiversidad.es\/en\/proyecto_feder\/strengthens-comprehensive-strengthening-of-the-forest-bioeconomy-in-the-sierras-of-the-southeast-peninsula-through-regenerative-forestry-social-innovation-and-the-strengthening-of-the-value-chain-of\/"]}]},{"@type":"ImageObject","inLanguage":"en-US","@id":"https:\/\/fundacion-biodiversidad.es\/en\/proyecto_feder\/strengthens-comprehensive-strengthening-of-the-forest-bioeconomy-in-the-sierras-of-the-southeast-peninsula-through-regenerative-forestry-social-innovation-and-the-strengthening-of-the-value-chain-of\/#primaryimage","url":"https:\/\/fundacion-biodiversidad.es\/wp-content\/uploads\/2026\/03\/FORTALECE-RRSS-FEDER.png","contentUrl":"https:\/\/fundacion-biodiversidad.es\/wp-content\/uploads\/2026\/03\/FORTALECE-RRSS-FEDER.png","width":1100,"height":1100},{"@type":"BreadcrumbList","@id":"https:\/\/fundacion-biodiversidad.es\/en\/proyecto_feder\/strengthens-comprehensive-strengthening-of-the-forest-bioeconomy-in-the-sierras-of-the-southeast-peninsula-through-regenerative-forestry-social-innovation-and-the-strengthening-of-the-value-chain-of\/#breadcrumb","itemListElement":[{"@type":"ListItem","position":1,"name":"Portada","item":"https:\/\/fundacion-biodiversidad.es\/en\/inicio\/"},{"@type":"ListItem","position":2,"name":"ERDF Projects","item":"https:\/\/fundacion-biodiversidad.es\/en\/proyecto_feder\/"},{"@type":"ListItem","position":3,"name":"STRENGTHENS. Comprehensive strengthening of the forest bioeconomy in the Sierras of the Southeast Peninsula through regenerative forestry, social innovation and the strengthening of the value chain of wood and ecosystem services."}]},{"@type":"WebSite","@id":"https:\/\/fundacion-biodiversidad.es\/en\/#website","url":"https:\/\/fundacion-biodiversidad.es\/en\/","name":"Fundaci\u00f3n Biodiversidad","description":"Fundaci\u00f3n p\u00fablica adscrita al Ministerio para la Transici\u00f3n Ecol\u00f3gica","potentialAction":[{"@type":"SearchAction","target":{"@type":"EntryPoint","urlTemplate":"https:\/\/fundacion-biodiversidad.es\/en\/?s={search_term_string}"},"query-input":{"@type":"PropertyValueSpecification","valueRequired":true,"valueName":"search_term_string"}}],"inLanguage":"en-US"}]}},"_links":{"self":[{"href":"https:\/\/fundacion-biodiversidad.es\/en\/wp-json\/wp\/v2\/proyecto_feder\/97873507","targetHints":{"allow":["GET"]}}],"collection":[{"href":"https:\/\/fundacion-biodiversidad.es\/en\/wp-json\/wp\/v2\/proyecto_feder"}],"about":[{"href":"https:\/\/fundacion-biodiversidad.es\/en\/wp-json\/wp\/v2\/types\/proyecto_feder"}],"wp:featuredmedia":[{"embeddable":true,"href":"https:\/\/fundacion-biodiversidad.es\/en\/wp-json\/wp\/v2\/media\/97873506"}],"wp:attachment":[{"href":"https:\/\/fundacion-biodiversidad.es\/en\/wp-json\/wp\/v2\/media?parent=97873507"}],"wp:term":[{"taxonomy":"financiaci_n","embeddable":true,"href":"https:\/\/fundacion-biodiversidad.es\/en\/wp-json\/wp\/v2\/financiaci_n?post=97873507"},{"taxonomy":"lineas_actuacion_tematicas","embeddable":true,"href":"https:\/\/fundacion-biodiversidad.es\/en\/wp-json\/wp\/v2\/lineas_actuacion_tematicas?post=97873507"}],"curies":[{"name":"wp","href":"https:\/\/api.w.org\/{rel}","templated":true}]}}