{"id":97873603,"date":"2026-03-30T13:47:10","date_gmt":"2026-03-30T11:47:10","guid":{"rendered":"https:\/\/fundacion-biodiversidad.es\/proyecto_feder\/silvoconecta-model-for-the-generation-of-connected-biodiverse-and-resilient-landscapes-for-the-promotion-of-the-bioeconomy-and-the-integration-of-the-forestry-livestock-and-agricultural-sectors\/"},"modified":"2026-03-30T13:48:00","modified_gmt":"2026-03-30T11:48:00","slug":"silvoconecta-model-for-the-generation-of-connected-biodiverse-and-resilient-landscapes-for-the-promotion-of-the-bioeconomy-and-the-integration-of-the-forestry-livestock-and-agricultural-sectors","status":"publish","type":"proyecto_feder","link":"https:\/\/fundacion-biodiversidad.es\/en\/proyecto_feder\/silvoconecta-model-for-the-generation-of-connected-biodiverse-and-resilient-landscapes-for-the-promotion-of-the-bioeconomy-and-the-integration-of-the-forestry-livestock-and-agricultural-sectors\/","title":{"rendered":"SILVOCONECTA. Model for the generation of connected, biodiverse and resilient landscapes for the promotion of the bioeconomy and the integration of the forestry, livestock and agricultural sectors."},"content":{"rendered":"<p>The project proposes a circular scheme of territorial management aimed at the forest bioeconomy, fire prevention and biodiversity conservation, integrating technological innovation and participatory methodologies. To this end, it will update the planning and drafting instruments of Municipal Fire Prevention Plans and will develop a Forest Management Instrument to declare 586 ha as a protective forest. In addition, it will boost the production of 25 t of certified biochar and around 300 m\u00b3 of microbial and fungal compost. All this is intended to achieve results related to ecosystem services (carbon credits for 10,000 ha), the protection of biodiversity and pest control (through the creation of refuges for birds, mammals and other faunal groups in 1,200 ha) and communication and transferability (interpretive routes, conferences and an agriculture course).   <\/p>\n","protected":false},"featured_media":97873600,"parent":0,"template":"","meta":{"_acf_changed":false},"financiaci_n":[714],"lineas_actuacion_tematicas":[654],"class_list":["post-97873603","proyecto_feder","type-proyecto_feder","status-publish","has-post-thumbnail","hentry","financiaci_n-european-regional-development-fund","lineas_actuacion_tematicas-terrestrial-ecosystems"],"acf":[],"yoast_head":"<!-- This site is optimized with the Yoast SEO plugin v26.9 - https:\/\/yoast.com\/product\/yoast-seo-wordpress\/ -->\n<title>SILVOCONECTA. Model for the generation of connected, biodiverse and resilient landscapes for the promotion of the bioeconomy and the integration of the forestry, livestock and agricultural sectors. - Fundaci\u00f3n Biodiversidad<\/title>\n<meta name=\"robots\" content=\"index, follow, max-snippet:-1, max-image-preview:large, max-video-preview:-1\" \/>\n<link rel=\"canonical\" href=\"https:\/\/fundacion-biodiversidad.es\/en\/proyecto_feder\/silvoconecta-model-for-the-generation-of-connected-biodiverse-and-resilient-landscapes-for-the-promotion-of-the-bioeconomy-and-the-integration-of-the-forestry-livestock-and-agricultural-sectors\/\" \/>\n<meta property=\"og:locale\" content=\"en_US\" \/>\n<meta property=\"og:type\" content=\"article\" \/>\n<meta property=\"og:title\" content=\"SILVOCONECTA. Model for the generation of connected, biodiverse and resilient landscapes for the promotion of the bioeconomy and the integration of the forestry, livestock and agricultural sectors. - Fundaci\u00f3n Biodiversidad\" \/>\n<meta property=\"og:description\" content=\"The project proposes a circular scheme of territorial management aimed at the forest bioeconomy, fire prevention and biodiversity conservation, integrating technological innovation and participatory methodologies. [&hellip;]\" \/>\n<meta property=\"og:url\" content=\"https:\/\/fundacion-biodiversidad.es\/en\/proyecto_feder\/silvoconecta-model-for-the-generation-of-connected-biodiverse-and-resilient-landscapes-for-the-promotion-of-the-bioeconomy-and-the-integration-of-the-forestry-livestock-and-agricultural-sectors\/\" \/>\n<meta property=\"og:site_name\" content=\"Fundaci\u00f3n Biodiversidad\" \/>\n<meta property=\"article:modified_time\" content=\"2026-03-30T11:48:00+00:00\" \/>\n<meta property=\"og:image\" content=\"https:\/\/fundacion-biodiversidad.es\/wp-content\/uploads\/2026\/03\/Imagen-RRSS-FEDER_1200x628Silvoconecta-1024x536.png\" \/>\n<meta name=\"twitter:card\" content=\"summary_large_image\" \/>\n<meta name=\"twitter:image\" content=\"https:\/\/fundacion-biodiversidad.es\/wp-content\/uploads\/2026\/03\/Imagen-RRSS-FEDER_1200x628Silvoconecta-1024x536.png\" \/>\n<meta name=\"twitter:label1\" content=\"Est. reading time\" \/>\n\t<meta name=\"twitter:data1\" content=\"1 minute\" \/>\n<script type=\"application\/ld+json\" class=\"yoast-schema-graph\">{\"@context\":\"https:\/\/schema.org\",\"@graph\":[{\"@type\":\"WebPage\",\"@id\":\"https:\/\/fundacion-biodiversidad.es\/en\/proyecto_feder\/silvoconecta-model-for-the-generation-of-connected-biodiverse-and-resilient-landscapes-for-the-promotion-of-the-bioeconomy-and-the-integration-of-the-forestry-livestock-and-agricultural-sectors\/\",\"url\":\"https:\/\/fundacion-biodiversidad.es\/en\/proyecto_feder\/silvoconecta-model-for-the-generation-of-connected-biodiverse-and-resilient-landscapes-for-the-promotion-of-the-bioeconomy-and-the-integration-of-the-forestry-livestock-and-agricultural-sectors\/\",\"name\":\"SILVOCONECTA. Model for the generation of connected, biodiverse and resilient landscapes for the promotion of the bioeconomy and the integration of the forestry, livestock and agricultural sectors. - Fundaci\u00f3n Biodiversidad\",\"isPartOf\":{\"@id\":\"https:\/\/fundacion-biodiversidad.es\/en\/#website\"},\"primaryImageOfPage\":{\"@id\":\"https:\/\/fundacion-biodiversidad.es\/en\/proyecto_feder\/silvoconecta-model-for-the-generation-of-connected-biodiverse-and-resilient-landscapes-for-the-promotion-of-the-bioeconomy-and-the-integration-of-the-forestry-livestock-and-agricultural-sectors\/#primaryimage\"},\"image\":{\"@id\":\"https:\/\/fundacion-biodiversidad.es\/en\/proyecto_feder\/silvoconecta-model-for-the-generation-of-connected-biodiverse-and-resilient-landscapes-for-the-promotion-of-the-bioeconomy-and-the-integration-of-the-forestry-livestock-and-agricultural-sectors\/#primaryimage\"},\"thumbnailUrl\":\"https:\/\/fundacion-biodiversidad.es\/wp-content\/uploads\/2026\/03\/Imagen-cuadrada-RRSS-SILVOCONECTA.png\",\"datePublished\":\"2026-03-30T11:47:10+00:00\",\"dateModified\":\"2026-03-30T11:48:00+00:00\",\"breadcrumb\":{\"@id\":\"https:\/\/fundacion-biodiversidad.es\/en\/proyecto_feder\/silvoconecta-model-for-the-generation-of-connected-biodiverse-and-resilient-landscapes-for-the-promotion-of-the-bioeconomy-and-the-integration-of-the-forestry-livestock-and-agricultural-sectors\/#breadcrumb\"},\"inLanguage\":\"en-US\",\"potentialAction\":[{\"@type\":\"ReadAction\",\"target\":[\"https:\/\/fundacion-biodiversidad.es\/en\/proyecto_feder\/silvoconecta-model-for-the-generation-of-connected-biodiverse-and-resilient-landscapes-for-the-promotion-of-the-bioeconomy-and-the-integration-of-the-forestry-livestock-and-agricultural-sectors\/\"]}]},{\"@type\":\"ImageObject\",\"inLanguage\":\"en-US\",\"@id\":\"https:\/\/fundacion-biodiversidad.es\/en\/proyecto_feder\/silvoconecta-model-for-the-generation-of-connected-biodiverse-and-resilient-landscapes-for-the-promotion-of-the-bioeconomy-and-the-integration-of-the-forestry-livestock-and-agricultural-sectors\/#primaryimage\",\"url\":\"https:\/\/fundacion-biodiversidad.es\/wp-content\/uploads\/2026\/03\/Imagen-cuadrada-RRSS-SILVOCONECTA.png\",\"contentUrl\":\"https:\/\/fundacion-biodiversidad.es\/wp-content\/uploads\/2026\/03\/Imagen-cuadrada-RRSS-SILVOCONECTA.png\",\"width\":1100,\"height\":1100},{\"@type\":\"BreadcrumbList\",\"@id\":\"https:\/\/fundacion-biodiversidad.es\/en\/proyecto_feder\/silvoconecta-model-for-the-generation-of-connected-biodiverse-and-resilient-landscapes-for-the-promotion-of-the-bioeconomy-and-the-integration-of-the-forestry-livestock-and-agricultural-sectors\/#breadcrumb\",\"itemListElement\":[{\"@type\":\"ListItem\",\"position\":1,\"name\":\"Portada\",\"item\":\"https:\/\/fundacion-biodiversidad.es\/en\/inicio\/\"},{\"@type\":\"ListItem\",\"position\":2,\"name\":\"ERDF Projects\",\"item\":\"https:\/\/fundacion-biodiversidad.es\/en\/proyecto_feder\/\"},{\"@type\":\"ListItem\",\"position\":3,\"name\":\"SILVOCONECTA. Model for the generation of connected, biodiverse and resilient landscapes for the promotion of the bioeconomy and the integration of the forestry, livestock and agricultural sectors.\"}]},{\"@type\":\"WebSite\",\"@id\":\"https:\/\/fundacion-biodiversidad.es\/en\/#website\",\"url\":\"https:\/\/fundacion-biodiversidad.es\/en\/\",\"name\":\"Fundaci\u00f3n Biodiversidad\",\"description\":\"Fundaci\u00f3n p\u00fablica adscrita al Ministerio para la Transici\u00f3n Ecol\u00f3gica\",\"potentialAction\":[{\"@type\":\"SearchAction\",\"target\":{\"@type\":\"EntryPoint\",\"urlTemplate\":\"https:\/\/fundacion-biodiversidad.es\/en\/?s={search_term_string}\"},\"query-input\":{\"@type\":\"PropertyValueSpecification\",\"valueRequired\":true,\"valueName\":\"search_term_string\"}}],\"inLanguage\":\"en-US\"}]}<\/script>\n<!-- \/ Yoast SEO plugin. -->","yoast_head_json":{"title":"SILVOCONECTA. Model for the generation of connected, biodiverse and resilient landscapes for the promotion of the bioeconomy and the integration of the forestry, livestock and agricultural sectors. - Fundaci\u00f3n Biodiversidad","robots":{"index":"index","follow":"follow","max-snippet":"max-snippet:-1","max-image-preview":"max-image-preview:large","max-video-preview":"max-video-preview:-1"},"canonical":"https:\/\/fundacion-biodiversidad.es\/en\/proyecto_feder\/silvoconecta-model-for-the-generation-of-connected-biodiverse-and-resilient-landscapes-for-the-promotion-of-the-bioeconomy-and-the-integration-of-the-forestry-livestock-and-agricultural-sectors\/","og_locale":"en_US","og_type":"article","og_title":"SILVOCONECTA. Model for the generation of connected, biodiverse and resilient landscapes for the promotion of the bioeconomy and the integration of the forestry, livestock and agricultural sectors. - Fundaci\u00f3n Biodiversidad","og_description":"The project proposes a circular scheme of territorial management aimed at the forest bioeconomy, fire prevention and biodiversity conservation, integrating technological innovation and participatory methodologies. [&hellip;]","og_url":"https:\/\/fundacion-biodiversidad.es\/en\/proyecto_feder\/silvoconecta-model-for-the-generation-of-connected-biodiverse-and-resilient-landscapes-for-the-promotion-of-the-bioeconomy-and-the-integration-of-the-forestry-livestock-and-agricultural-sectors\/","og_site_name":"Fundaci\u00f3n Biodiversidad","article_modified_time":"2026-03-30T11:48:00+00:00","og_image":[{"url":"https:\/\/fundacion-biodiversidad.es\/wp-content\/uploads\/2026\/03\/Imagen-RRSS-FEDER_1200x628Silvoconecta-1024x536.png","type":"","width":"","height":""}],"twitter_card":"summary_large_image","twitter_image":"https:\/\/fundacion-biodiversidad.es\/wp-content\/uploads\/2026\/03\/Imagen-RRSS-FEDER_1200x628Silvoconecta-1024x536.png","twitter_misc":{"Est. reading time":"1 minute"},"schema":{"@context":"https:\/\/schema.org","@graph":[{"@type":"WebPage","@id":"https:\/\/fundacion-biodiversidad.es\/en\/proyecto_feder\/silvoconecta-model-for-the-generation-of-connected-biodiverse-and-resilient-landscapes-for-the-promotion-of-the-bioeconomy-and-the-integration-of-the-forestry-livestock-and-agricultural-sectors\/","url":"https:\/\/fundacion-biodiversidad.es\/en\/proyecto_feder\/silvoconecta-model-for-the-generation-of-connected-biodiverse-and-resilient-landscapes-for-the-promotion-of-the-bioeconomy-and-the-integration-of-the-forestry-livestock-and-agricultural-sectors\/","name":"SILVOCONECTA. Model for the generation of connected, biodiverse and resilient landscapes for the promotion of the bioeconomy and the integration of the forestry, livestock and agricultural sectors. - Fundaci\u00f3n Biodiversidad","isPartOf":{"@id":"https:\/\/fundacion-biodiversidad.es\/en\/#website"},"primaryImageOfPage":{"@id":"https:\/\/fundacion-biodiversidad.es\/en\/proyecto_feder\/silvoconecta-model-for-the-generation-of-connected-biodiverse-and-resilient-landscapes-for-the-promotion-of-the-bioeconomy-and-the-integration-of-the-forestry-livestock-and-agricultural-sectors\/#primaryimage"},"image":{"@id":"https:\/\/fundacion-biodiversidad.es\/en\/proyecto_feder\/silvoconecta-model-for-the-generation-of-connected-biodiverse-and-resilient-landscapes-for-the-promotion-of-the-bioeconomy-and-the-integration-of-the-forestry-livestock-and-agricultural-sectors\/#primaryimage"},"thumbnailUrl":"https:\/\/fundacion-biodiversidad.es\/wp-content\/uploads\/2026\/03\/Imagen-cuadrada-RRSS-SILVOCONECTA.png","datePublished":"2026-03-30T11:47:10+00:00","dateModified":"2026-03-30T11:48:00+00:00","breadcrumb":{"@id":"https:\/\/fundacion-biodiversidad.es\/en\/proyecto_feder\/silvoconecta-model-for-the-generation-of-connected-biodiverse-and-resilient-landscapes-for-the-promotion-of-the-bioeconomy-and-the-integration-of-the-forestry-livestock-and-agricultural-sectors\/#breadcrumb"},"inLanguage":"en-US","potentialAction":[{"@type":"ReadAction","target":["https:\/\/fundacion-biodiversidad.es\/en\/proyecto_feder\/silvoconecta-model-for-the-generation-of-connected-biodiverse-and-resilient-landscapes-for-the-promotion-of-the-bioeconomy-and-the-integration-of-the-forestry-livestock-and-agricultural-sectors\/"]}]},{"@type":"ImageObject","inLanguage":"en-US","@id":"https:\/\/fundacion-biodiversidad.es\/en\/proyecto_feder\/silvoconecta-model-for-the-generation-of-connected-biodiverse-and-resilient-landscapes-for-the-promotion-of-the-bioeconomy-and-the-integration-of-the-forestry-livestock-and-agricultural-sectors\/#primaryimage","url":"https:\/\/fundacion-biodiversidad.es\/wp-content\/uploads\/2026\/03\/Imagen-cuadrada-RRSS-SILVOCONECTA.png","contentUrl":"https:\/\/fundacion-biodiversidad.es\/wp-content\/uploads\/2026\/03\/Imagen-cuadrada-RRSS-SILVOCONECTA.png","width":1100,"height":1100},{"@type":"BreadcrumbList","@id":"https:\/\/fundacion-biodiversidad.es\/en\/proyecto_feder\/silvoconecta-model-for-the-generation-of-connected-biodiverse-and-resilient-landscapes-for-the-promotion-of-the-bioeconomy-and-the-integration-of-the-forestry-livestock-and-agricultural-sectors\/#breadcrumb","itemListElement":[{"@type":"ListItem","position":1,"name":"Portada","item":"https:\/\/fundacion-biodiversidad.es\/en\/inicio\/"},{"@type":"ListItem","position":2,"name":"ERDF Projects","item":"https:\/\/fundacion-biodiversidad.es\/en\/proyecto_feder\/"},{"@type":"ListItem","position":3,"name":"SILVOCONECTA. Model for the generation of connected, biodiverse and resilient landscapes for the promotion of the bioeconomy and the integration of the forestry, livestock and agricultural sectors."}]},{"@type":"WebSite","@id":"https:\/\/fundacion-biodiversidad.es\/en\/#website","url":"https:\/\/fundacion-biodiversidad.es\/en\/","name":"Fundaci\u00f3n Biodiversidad","description":"Fundaci\u00f3n p\u00fablica adscrita al Ministerio para la Transici\u00f3n Ecol\u00f3gica","potentialAction":[{"@type":"SearchAction","target":{"@type":"EntryPoint","urlTemplate":"https:\/\/fundacion-biodiversidad.es\/en\/?s={search_term_string}"},"query-input":{"@type":"PropertyValueSpecification","valueRequired":true,"valueName":"search_term_string"}}],"inLanguage":"en-US"}]}},"_links":{"self":[{"href":"https:\/\/fundacion-biodiversidad.es\/en\/wp-json\/wp\/v2\/proyecto_feder\/97873603","targetHints":{"allow":["GET"]}}],"collection":[{"href":"https:\/\/fundacion-biodiversidad.es\/en\/wp-json\/wp\/v2\/proyecto_feder"}],"about":[{"href":"https:\/\/fundacion-biodiversidad.es\/en\/wp-json\/wp\/v2\/types\/proyecto_feder"}],"wp:featuredmedia":[{"embeddable":true,"href":"https:\/\/fundacion-biodiversidad.es\/en\/wp-json\/wp\/v2\/media\/97873600"}],"wp:attachment":[{"href":"https:\/\/fundacion-biodiversidad.es\/en\/wp-json\/wp\/v2\/media?parent=97873603"}],"wp:term":[{"taxonomy":"financiaci_n","embeddable":true,"href":"https:\/\/fundacion-biodiversidad.es\/en\/wp-json\/wp\/v2\/financiaci_n?post=97873603"},{"taxonomy":"lineas_actuacion_tematicas","embeddable":true,"href":"https:\/\/fundacion-biodiversidad.es\/en\/wp-json\/wp\/v2\/lineas_actuacion_tematicas?post=97873603"}],"curies":[{"name":"wp","href":"https:\/\/api.w.org\/{rel}","templated":true}]}}