{"id":48767,"date":"2023-09-21T11:45:21","date_gmt":"2023-09-21T09:45:21","guid":{"rendered":"https:\/\/fundacion-biodiversidad.es\/proyecto_prtr\/renaturalization-of-the-urban-core-of-viladecans-through-the-fulfillment-of-objectives-3-30-300-to-improve-the-connectivity-and-biodiversity-of-green-infrastructure-and-urban-health-plan-viladecan\/"},"modified":"2025-04-24T08:31:46","modified_gmt":"2025-04-24T06:31:46","slug":"renaturalization-of-the-urban-core-of-viladecans-through-the-fulfillment-of-objectives-3-30-300-to-improve-the-connectivity-and-biodiversity-of-green-infrastructure-and-urban-health-plan-viladecan","status":"publish","type":"proyecto_prtr","link":"https:\/\/fundacion-biodiversidad.es\/en\/proyecto_prtr\/renaturalization-of-the-urban-core-of-viladecans-through-the-fulfillment-of-objectives-3-30-300-to-improve-the-connectivity-and-biodiversity-of-green-infrastructure-and-urban-health-plan-viladecan\/","title":{"rendered":"Renaturalization of the urban core of Viladecans, through the fulfillment of objectives 3-30-300, to improve the connectivity and biodiversity of green infrastructure and urban health. (PLAN VILADECANS 3-30-300)"},"content":{"rendered":"<p>Develop the green infrastructure of Viladecans and improve connectivity with the surrounding natural environment (Sierra del Montbaig, Agricultural Park, Llobregat Delta), so as to improve the integration between nature and the city, increase the resilience of the municipality to climate change and improve the health and well-being of its inhabitants, contributing to the achievement of the 3-30-300 standard. All of this is based on the foundations of collaborative and egalitarian governance.<\/p>\n<p>&nbsp;<\/p>\n","protected":false},"featured_media":49288,"parent":0,"template":"","meta":{"_acf_changed":false},"financiaci_n":[653],"lineas_actuacion_tematicas":[669],"class_list":["post-48767","proyecto_prtr","type-proyecto_prtr","status-publish","has-post-thumbnail","hentry","financiaci_n-plan-de-recuperacion-transformacion-y-resiliencia-en","lineas_actuacion_tematicas-urban-environments"],"acf":[],"yoast_head":"<!-- This site is optimized with the Yoast SEO plugin v26.9 - https:\/\/yoast.com\/product\/yoast-seo-wordpress\/ -->\n<title>Renaturalization of the urban core of Viladecans, through the fulfillment of objectives 3-30-300, to improve the connectivity and biodiversity of green infrastructure and urban health. (PLAN VILADECANS 3-30-300) - Fundaci\u00f3n Biodiversidad<\/title>\n<meta name=\"robots\" content=\"index, follow, max-snippet:-1, max-image-preview:large, max-video-preview:-1\" \/>\n<link rel=\"canonical\" href=\"https:\/\/fundacion-biodiversidad.es\/en\/proyecto_prtr\/renaturalization-of-the-urban-core-of-viladecans-through-the-fulfillment-of-objectives-3-30-300-to-improve-the-connectivity-and-biodiversity-of-green-infrastructure-and-urban-health-plan-viladecan\/\" \/>\n<meta property=\"og:locale\" content=\"en_US\" \/>\n<meta property=\"og:type\" content=\"article\" \/>\n<meta property=\"og:title\" content=\"Renaturalization of the urban core of Viladecans, through the fulfillment of objectives 3-30-300, to improve the connectivity and biodiversity of green infrastructure and urban health. (PLAN VILADECANS 3-30-300) - Fundaci\u00f3n Biodiversidad\" \/>\n<meta property=\"og:description\" content=\"Develop the green infrastructure of Viladecans and improve connectivity with the surrounding natural environment (Sierra del Montbaig, Agricultural Park, Llobregat Delta), so as to improve [&hellip;]\" \/>\n<meta property=\"og:url\" content=\"https:\/\/fundacion-biodiversidad.es\/en\/proyecto_prtr\/renaturalization-of-the-urban-core-of-viladecans-through-the-fulfillment-of-objectives-3-30-300-to-improve-the-connectivity-and-biodiversity-of-green-infrastructure-and-urban-health-plan-viladecan\/\" \/>\n<meta property=\"og:site_name\" content=\"Fundaci\u00f3n Biodiversidad\" \/>\n<meta property=\"article:modified_time\" content=\"2025-04-24T06:31:46+00:00\" \/>\n<meta property=\"og:image\" content=\"https:\/\/fundacion-biodiversidad.es\/wp-content\/uploads\/2023\/09\/CIU-O27-VILADECANS.jpg\" \/>\n<meta name=\"twitter:card\" content=\"summary_large_image\" \/>\n<meta name=\"twitter:image\" content=\"https:\/\/fundacion-biodiversidad.es\/wp-content\/uploads\/2023\/09\/CIU-O27-VILADECANS.jpg\" \/>\n<script type=\"application\/ld+json\" class=\"yoast-schema-graph\">{\"@context\":\"https:\/\/schema.org\",\"@graph\":[{\"@type\":\"WebPage\",\"@id\":\"https:\/\/fundacion-biodiversidad.es\/en\/proyecto_prtr\/renaturalization-of-the-urban-core-of-viladecans-through-the-fulfillment-of-objectives-3-30-300-to-improve-the-connectivity-and-biodiversity-of-green-infrastructure-and-urban-health-plan-viladecan\/\",\"url\":\"https:\/\/fundacion-biodiversidad.es\/en\/proyecto_prtr\/renaturalization-of-the-urban-core-of-viladecans-through-the-fulfillment-of-objectives-3-30-300-to-improve-the-connectivity-and-biodiversity-of-green-infrastructure-and-urban-health-plan-viladecan\/\",\"name\":\"Renaturalization of the urban core of Viladecans, through the fulfillment of objectives 3-30-300, to improve the connectivity and biodiversity of green infrastructure and urban health. (PLAN VILADECANS 3-30-300) - Fundaci\u00f3n Biodiversidad\",\"isPartOf\":{\"@id\":\"https:\/\/fundacion-biodiversidad.es\/en\/#website\"},\"primaryImageOfPage\":{\"@id\":\"https:\/\/fundacion-biodiversidad.es\/en\/proyecto_prtr\/renaturalization-of-the-urban-core-of-viladecans-through-the-fulfillment-of-objectives-3-30-300-to-improve-the-connectivity-and-biodiversity-of-green-infrastructure-and-urban-health-plan-viladecan\/#primaryimage\"},\"image\":{\"@id\":\"https:\/\/fundacion-biodiversidad.es\/en\/proyecto_prtr\/renaturalization-of-the-urban-core-of-viladecans-through-the-fulfillment-of-objectives-3-30-300-to-improve-the-connectivity-and-biodiversity-of-green-infrastructure-and-urban-health-plan-viladecan\/#primaryimage\"},\"thumbnailUrl\":\"https:\/\/fundacion-biodiversidad.es\/wp-content\/uploads\/2023\/09\/CIU-O27-VILADECANS.jpg\",\"datePublished\":\"2023-09-21T09:45:21+00:00\",\"dateModified\":\"2025-04-24T06:31:46+00:00\",\"breadcrumb\":{\"@id\":\"https:\/\/fundacion-biodiversidad.es\/en\/proyecto_prtr\/renaturalization-of-the-urban-core-of-viladecans-through-the-fulfillment-of-objectives-3-30-300-to-improve-the-connectivity-and-biodiversity-of-green-infrastructure-and-urban-health-plan-viladecan\/#breadcrumb\"},\"inLanguage\":\"en-US\",\"potentialAction\":[{\"@type\":\"ReadAction\",\"target\":[\"https:\/\/fundacion-biodiversidad.es\/en\/proyecto_prtr\/renaturalization-of-the-urban-core-of-viladecans-through-the-fulfillment-of-objectives-3-30-300-to-improve-the-connectivity-and-biodiversity-of-green-infrastructure-and-urban-health-plan-viladecan\/\"]}]},{\"@type\":\"ImageObject\",\"inLanguage\":\"en-US\",\"@id\":\"https:\/\/fundacion-biodiversidad.es\/en\/proyecto_prtr\/renaturalization-of-the-urban-core-of-viladecans-through-the-fulfillment-of-objectives-3-30-300-to-improve-the-connectivity-and-biodiversity-of-green-infrastructure-and-urban-health-plan-viladecan\/#primaryimage\",\"url\":\"https:\/\/fundacion-biodiversidad.es\/wp-content\/uploads\/2023\/09\/CIU-O27-VILADECANS.jpg\",\"contentUrl\":\"https:\/\/fundacion-biodiversidad.es\/wp-content\/uploads\/2023\/09\/CIU-O27-VILADECANS.jpg\",\"width\":1000,\"height\":579,\"caption\":\"Created with GIMP\"},{\"@type\":\"BreadcrumbList\",\"@id\":\"https:\/\/fundacion-biodiversidad.es\/en\/proyecto_prtr\/renaturalization-of-the-urban-core-of-viladecans-through-the-fulfillment-of-objectives-3-30-300-to-improve-the-connectivity-and-biodiversity-of-green-infrastructure-and-urban-health-plan-viladecan\/#breadcrumb\",\"itemListElement\":[{\"@type\":\"ListItem\",\"position\":1,\"name\":\"Portada\",\"item\":\"https:\/\/fundacion-biodiversidad.es\/en\/inicio\/\"},{\"@type\":\"ListItem\",\"position\":2,\"name\":\"Proyectos de convocatorias PRTR\",\"item\":\"https:\/\/fundacion-biodiversidad.es\/en\/proyecto_prtr\/\"},{\"@type\":\"ListItem\",\"position\":3,\"name\":\"Renaturalization of the urban core of Viladecans, through the fulfillment of objectives 3-30-300, to improve the connectivity and biodiversity of green infrastructure and urban health. (PLAN VILADECANS 3-30-300)\"}]},{\"@type\":\"WebSite\",\"@id\":\"https:\/\/fundacion-biodiversidad.es\/en\/#website\",\"url\":\"https:\/\/fundacion-biodiversidad.es\/en\/\",\"name\":\"Fundaci\u00f3n Biodiversidad\",\"description\":\"Fundaci\u00f3n p\u00fablica adscrita al Ministerio para la Transici\u00f3n Ecol\u00f3gica\",\"potentialAction\":[{\"@type\":\"SearchAction\",\"target\":{\"@type\":\"EntryPoint\",\"urlTemplate\":\"https:\/\/fundacion-biodiversidad.es\/en\/?s={search_term_string}\"},\"query-input\":{\"@type\":\"PropertyValueSpecification\",\"valueRequired\":true,\"valueName\":\"search_term_string\"}}],\"inLanguage\":\"en-US\"}]}<\/script>\n<!-- \/ Yoast SEO plugin. -->","yoast_head_json":{"title":"Renaturalization of the urban core of Viladecans, through the fulfillment of objectives 3-30-300, to improve the connectivity and biodiversity of green infrastructure and urban health. (PLAN VILADECANS 3-30-300) - Fundaci\u00f3n Biodiversidad","robots":{"index":"index","follow":"follow","max-snippet":"max-snippet:-1","max-image-preview":"max-image-preview:large","max-video-preview":"max-video-preview:-1"},"canonical":"https:\/\/fundacion-biodiversidad.es\/en\/proyecto_prtr\/renaturalization-of-the-urban-core-of-viladecans-through-the-fulfillment-of-objectives-3-30-300-to-improve-the-connectivity-and-biodiversity-of-green-infrastructure-and-urban-health-plan-viladecan\/","og_locale":"en_US","og_type":"article","og_title":"Renaturalization of the urban core of Viladecans, through the fulfillment of objectives 3-30-300, to improve the connectivity and biodiversity of green infrastructure and urban health. (PLAN VILADECANS 3-30-300) - Fundaci\u00f3n Biodiversidad","og_description":"Develop the green infrastructure of Viladecans and improve connectivity with the surrounding natural environment (Sierra del Montbaig, Agricultural Park, Llobregat Delta), so as to improve [&hellip;]","og_url":"https:\/\/fundacion-biodiversidad.es\/en\/proyecto_prtr\/renaturalization-of-the-urban-core-of-viladecans-through-the-fulfillment-of-objectives-3-30-300-to-improve-the-connectivity-and-biodiversity-of-green-infrastructure-and-urban-health-plan-viladecan\/","og_site_name":"Fundaci\u00f3n Biodiversidad","article_modified_time":"2025-04-24T06:31:46+00:00","og_image":[{"url":"https:\/\/fundacion-biodiversidad.es\/wp-content\/uploads\/2023\/09\/CIU-O27-VILADECANS.jpg","type":"","width":"","height":""}],"twitter_card":"summary_large_image","twitter_image":"https:\/\/fundacion-biodiversidad.es\/wp-content\/uploads\/2023\/09\/CIU-O27-VILADECANS.jpg","schema":{"@context":"https:\/\/schema.org","@graph":[{"@type":"WebPage","@id":"https:\/\/fundacion-biodiversidad.es\/en\/proyecto_prtr\/renaturalization-of-the-urban-core-of-viladecans-through-the-fulfillment-of-objectives-3-30-300-to-improve-the-connectivity-and-biodiversity-of-green-infrastructure-and-urban-health-plan-viladecan\/","url":"https:\/\/fundacion-biodiversidad.es\/en\/proyecto_prtr\/renaturalization-of-the-urban-core-of-viladecans-through-the-fulfillment-of-objectives-3-30-300-to-improve-the-connectivity-and-biodiversity-of-green-infrastructure-and-urban-health-plan-viladecan\/","name":"Renaturalization of the urban core of Viladecans, through the fulfillment of objectives 3-30-300, to improve the connectivity and biodiversity of green infrastructure and urban health. (PLAN VILADECANS 3-30-300) - Fundaci\u00f3n Biodiversidad","isPartOf":{"@id":"https:\/\/fundacion-biodiversidad.es\/en\/#website"},"primaryImageOfPage":{"@id":"https:\/\/fundacion-biodiversidad.es\/en\/proyecto_prtr\/renaturalization-of-the-urban-core-of-viladecans-through-the-fulfillment-of-objectives-3-30-300-to-improve-the-connectivity-and-biodiversity-of-green-infrastructure-and-urban-health-plan-viladecan\/#primaryimage"},"image":{"@id":"https:\/\/fundacion-biodiversidad.es\/en\/proyecto_prtr\/renaturalization-of-the-urban-core-of-viladecans-through-the-fulfillment-of-objectives-3-30-300-to-improve-the-connectivity-and-biodiversity-of-green-infrastructure-and-urban-health-plan-viladecan\/#primaryimage"},"thumbnailUrl":"https:\/\/fundacion-biodiversidad.es\/wp-content\/uploads\/2023\/09\/CIU-O27-VILADECANS.jpg","datePublished":"2023-09-21T09:45:21+00:00","dateModified":"2025-04-24T06:31:46+00:00","breadcrumb":{"@id":"https:\/\/fundacion-biodiversidad.es\/en\/proyecto_prtr\/renaturalization-of-the-urban-core-of-viladecans-through-the-fulfillment-of-objectives-3-30-300-to-improve-the-connectivity-and-biodiversity-of-green-infrastructure-and-urban-health-plan-viladecan\/#breadcrumb"},"inLanguage":"en-US","potentialAction":[{"@type":"ReadAction","target":["https:\/\/fundacion-biodiversidad.es\/en\/proyecto_prtr\/renaturalization-of-the-urban-core-of-viladecans-through-the-fulfillment-of-objectives-3-30-300-to-improve-the-connectivity-and-biodiversity-of-green-infrastructure-and-urban-health-plan-viladecan\/"]}]},{"@type":"ImageObject","inLanguage":"en-US","@id":"https:\/\/fundacion-biodiversidad.es\/en\/proyecto_prtr\/renaturalization-of-the-urban-core-of-viladecans-through-the-fulfillment-of-objectives-3-30-300-to-improve-the-connectivity-and-biodiversity-of-green-infrastructure-and-urban-health-plan-viladecan\/#primaryimage","url":"https:\/\/fundacion-biodiversidad.es\/wp-content\/uploads\/2023\/09\/CIU-O27-VILADECANS.jpg","contentUrl":"https:\/\/fundacion-biodiversidad.es\/wp-content\/uploads\/2023\/09\/CIU-O27-VILADECANS.jpg","width":1000,"height":579,"caption":"Created with GIMP"},{"@type":"BreadcrumbList","@id":"https:\/\/fundacion-biodiversidad.es\/en\/proyecto_prtr\/renaturalization-of-the-urban-core-of-viladecans-through-the-fulfillment-of-objectives-3-30-300-to-improve-the-connectivity-and-biodiversity-of-green-infrastructure-and-urban-health-plan-viladecan\/#breadcrumb","itemListElement":[{"@type":"ListItem","position":1,"name":"Portada","item":"https:\/\/fundacion-biodiversidad.es\/en\/inicio\/"},{"@type":"ListItem","position":2,"name":"Proyectos de convocatorias PRTR","item":"https:\/\/fundacion-biodiversidad.es\/en\/proyecto_prtr\/"},{"@type":"ListItem","position":3,"name":"Renaturalization of the urban core of Viladecans, through the fulfillment of objectives 3-30-300, to improve the connectivity and biodiversity of green infrastructure and urban health. (PLAN VILADECANS 3-30-300)"}]},{"@type":"WebSite","@id":"https:\/\/fundacion-biodiversidad.es\/en\/#website","url":"https:\/\/fundacion-biodiversidad.es\/en\/","name":"Fundaci\u00f3n Biodiversidad","description":"Fundaci\u00f3n p\u00fablica adscrita al Ministerio para la Transici\u00f3n Ecol\u00f3gica","potentialAction":[{"@type":"SearchAction","target":{"@type":"EntryPoint","urlTemplate":"https:\/\/fundacion-biodiversidad.es\/en\/?s={search_term_string}"},"query-input":{"@type":"PropertyValueSpecification","valueRequired":true,"valueName":"search_term_string"}}],"inLanguage":"en-US"}]}},"_links":{"self":[{"href":"https:\/\/fundacion-biodiversidad.es\/en\/wp-json\/wp\/v2\/proyecto_prtr\/48767","targetHints":{"allow":["GET"]}}],"collection":[{"href":"https:\/\/fundacion-biodiversidad.es\/en\/wp-json\/wp\/v2\/proyecto_prtr"}],"about":[{"href":"https:\/\/fundacion-biodiversidad.es\/en\/wp-json\/wp\/v2\/types\/proyecto_prtr"}],"wp:featuredmedia":[{"embeddable":true,"href":"https:\/\/fundacion-biodiversidad.es\/en\/wp-json\/wp\/v2\/media\/49288"}],"wp:attachment":[{"href":"https:\/\/fundacion-biodiversidad.es\/en\/wp-json\/wp\/v2\/media?parent=48767"}],"wp:term":[{"taxonomy":"financiaci_n","embeddable":true,"href":"https:\/\/fundacion-biodiversidad.es\/en\/wp-json\/wp\/v2\/financiaci_n?post=48767"},{"taxonomy":"lineas_actuacion_tematicas","embeddable":true,"href":"https:\/\/fundacion-biodiversidad.es\/en\/wp-json\/wp\/v2\/lineas_actuacion_tematicas?post=48767"}],"curies":[{"name":"wp","href":"https:\/\/api.w.org\/{rel}","templated":true}]}}