{"id":97862273,"date":"2022-10-29T17:06:23","date_gmt":"2022-10-29T15:06:23","guid":{"rendered":"https:\/\/fundacion-biodiversidad.es\/proyecto_prtr\/integrated-project-for-the-promotion-of-biodiversity-creation-of-green-infrastructure-and-adaptation-to-climate-change-of-the-natural-peri-urban-and-urban-systems-of-the-green-belt-of-the-municipali\/"},"modified":"2025-10-21T13:46:24","modified_gmt":"2025-10-21T11:46:24","slug":"integrated-project-for-the-promotion-of-biodiversity-creation-of-green-infrastructure-and-adaptation-to-climate-change-of-the-natural-peri-urban-and-urban-systems-of-the-green-belt-of-the-municipali","status":"publish","type":"proyecto_prtr","link":"https:\/\/fundacion-biodiversidad.es\/en\/proyecto_prtr\/integrated-project-for-the-promotion-of-biodiversity-creation-of-green-infrastructure-and-adaptation-to-climate-change-of-the-natural-peri-urban-and-urban-systems-of-the-green-belt-of-the-municipali\/","title":{"rendered":"Integrated project for the promotion of biodiversity, creation of green infrastructure and adaptation to climate change of the natural, peri-urban and urban systems of the Green Belt of the municipality of Tarragona (Tarragona- Green Belt 2026)"},"content":{"rendered":"<p>Tarragona City Council will carry out a wide range of interventions on the city&#8217;s natural heritage within the framework of the Tarragona Green Belt Management Plan. It will act on a part of the municipality&#8217;s river network that connects the forest systems (north) and coastlines (south) of the Green Belt. In addition, the linear connectivity of the coastal complex will be configured through the renaturalization of beaches for the regeneration of dune systems. Likewise, actions are proposed in the forest crown of the city and in parks that will improve the quality and capacity of these enclaves as urban connectors.   <\/p>\n<p>Photography: Isa\u00edas Mena.<\/p>\n","protected":false},"featured_media":22405,"parent":0,"template":"","meta":{"_acf_changed":false},"financiaci_n":[653],"lineas_actuacion_tematicas":[669],"class_list":["post-97862273","proyecto_prtr","type-proyecto_prtr","status-publish","has-post-thumbnail","hentry","financiaci_n-plan-de-recuperacion-transformacion-y-resiliencia-en","lineas_actuacion_tematicas-urban-environments"],"acf":[],"yoast_head":"<!-- This site is optimized with the Yoast SEO plugin v26.9 - https:\/\/yoast.com\/product\/yoast-seo-wordpress\/ -->\n<title>Integrated project for the promotion of biodiversity, creation of green infrastructure and adaptation to climate change of the natural, peri-urban and urban systems of the Green Belt of the municipality of Tarragona (Tarragona- Green Belt 2026) - Fundaci\u00f3n Biodiversidad<\/title>\n<meta name=\"robots\" content=\"index, follow, max-snippet:-1, max-image-preview:large, max-video-preview:-1\" \/>\n<link rel=\"canonical\" href=\"https:\/\/fundacion-biodiversidad.es\/en\/proyecto_prtr\/integrated-project-for-the-promotion-of-biodiversity-creation-of-green-infrastructure-and-adaptation-to-climate-change-of-the-natural-peri-urban-and-urban-systems-of-the-green-belt-of-the-municipali\/\" \/>\n<meta property=\"og:locale\" content=\"en_US\" \/>\n<meta property=\"og:type\" content=\"article\" \/>\n<meta property=\"og:title\" content=\"Integrated project for the promotion of biodiversity, creation of green infrastructure and adaptation to climate change of the natural, peri-urban and urban systems of the Green Belt of the municipality of Tarragona (Tarragona- Green Belt 2026) - Fundaci\u00f3n Biodiversidad\" \/>\n<meta property=\"og:description\" content=\"Tarragona City Council will carry out a wide range of interventions on the city&#8217;s natural heritage within the framework of the Tarragona Green Belt Management [&hellip;]\" \/>\n<meta property=\"og:url\" content=\"https:\/\/fundacion-biodiversidad.es\/en\/proyecto_prtr\/integrated-project-for-the-promotion-of-biodiversity-creation-of-green-infrastructure-and-adaptation-to-climate-change-of-the-natural-peri-urban-and-urban-systems-of-the-green-belt-of-the-municipali\/\" \/>\n<meta property=\"og:site_name\" content=\"Fundaci\u00f3n Biodiversidad\" \/>\n<meta property=\"article:modified_time\" content=\"2025-10-21T11:46:24+00:00\" \/>\n<meta property=\"og:image\" content=\"https:\/\/fundacion-biodiversidad.es\/wp-content\/uploads\/2022\/10\/C185-TARRAGONA-Platja-Miracle-02_Isaias_Mena-1024x682.jpg\" \/>\n<meta name=\"twitter:card\" content=\"summary_large_image\" \/>\n<meta name=\"twitter:image\" content=\"https:\/\/fundacion-biodiversidad.es\/wp-content\/uploads\/2022\/10\/C185-TARRAGONA-Platja-Miracle-02_Isaias_Mena-1024x682.jpg\" \/>\n<meta name=\"twitter:label1\" content=\"Est. reading time\" \/>\n\t<meta name=\"twitter:data1\" content=\"1 minute\" \/>\n<script type=\"application\/ld+json\" class=\"yoast-schema-graph\">{\"@context\":\"https:\/\/schema.org\",\"@graph\":[{\"@type\":\"WebPage\",\"@id\":\"https:\/\/fundacion-biodiversidad.es\/en\/proyecto_prtr\/integrated-project-for-the-promotion-of-biodiversity-creation-of-green-infrastructure-and-adaptation-to-climate-change-of-the-natural-peri-urban-and-urban-systems-of-the-green-belt-of-the-municipali\/\",\"url\":\"https:\/\/fundacion-biodiversidad.es\/en\/proyecto_prtr\/integrated-project-for-the-promotion-of-biodiversity-creation-of-green-infrastructure-and-adaptation-to-climate-change-of-the-natural-peri-urban-and-urban-systems-of-the-green-belt-of-the-municipali\/\",\"name\":\"Integrated project for the promotion of biodiversity, creation of green infrastructure and adaptation to climate change of the natural, peri-urban and urban systems of the Green Belt of the municipality of Tarragona (Tarragona- Green Belt 2026) - Fundaci\u00f3n Biodiversidad\",\"isPartOf\":{\"@id\":\"https:\/\/fundacion-biodiversidad.es\/en\/#website\"},\"primaryImageOfPage\":{\"@id\":\"https:\/\/fundacion-biodiversidad.es\/en\/proyecto_prtr\/integrated-project-for-the-promotion-of-biodiversity-creation-of-green-infrastructure-and-adaptation-to-climate-change-of-the-natural-peri-urban-and-urban-systems-of-the-green-belt-of-the-municipali\/#primaryimage\"},\"image\":{\"@id\":\"https:\/\/fundacion-biodiversidad.es\/en\/proyecto_prtr\/integrated-project-for-the-promotion-of-biodiversity-creation-of-green-infrastructure-and-adaptation-to-climate-change-of-the-natural-peri-urban-and-urban-systems-of-the-green-belt-of-the-municipali\/#primaryimage\"},\"thumbnailUrl\":\"https:\/\/fundacion-biodiversidad.es\/wp-content\/uploads\/2022\/11\/no-imagen.jpg\",\"datePublished\":\"2022-10-29T15:06:23+00:00\",\"dateModified\":\"2025-10-21T11:46:24+00:00\",\"breadcrumb\":{\"@id\":\"https:\/\/fundacion-biodiversidad.es\/en\/proyecto_prtr\/integrated-project-for-the-promotion-of-biodiversity-creation-of-green-infrastructure-and-adaptation-to-climate-change-of-the-natural-peri-urban-and-urban-systems-of-the-green-belt-of-the-municipali\/#breadcrumb\"},\"inLanguage\":\"en-US\",\"potentialAction\":[{\"@type\":\"ReadAction\",\"target\":[\"https:\/\/fundacion-biodiversidad.es\/en\/proyecto_prtr\/integrated-project-for-the-promotion-of-biodiversity-creation-of-green-infrastructure-and-adaptation-to-climate-change-of-the-natural-peri-urban-and-urban-systems-of-the-green-belt-of-the-municipali\/\"]}]},{\"@type\":\"ImageObject\",\"inLanguage\":\"en-US\",\"@id\":\"https:\/\/fundacion-biodiversidad.es\/en\/proyecto_prtr\/integrated-project-for-the-promotion-of-biodiversity-creation-of-green-infrastructure-and-adaptation-to-climate-change-of-the-natural-peri-urban-and-urban-systems-of-the-green-belt-of-the-municipali\/#primaryimage\",\"url\":\"https:\/\/fundacion-biodiversidad.es\/wp-content\/uploads\/2022\/11\/no-imagen.jpg\",\"contentUrl\":\"https:\/\/fundacion-biodiversidad.es\/wp-content\/uploads\/2022\/11\/no-imagen.jpg\",\"width\":2048,\"height\":2048,\"caption\":\"Formaci\u00f3n en medio ambiente natural\"},{\"@type\":\"BreadcrumbList\",\"@id\":\"https:\/\/fundacion-biodiversidad.es\/en\/proyecto_prtr\/integrated-project-for-the-promotion-of-biodiversity-creation-of-green-infrastructure-and-adaptation-to-climate-change-of-the-natural-peri-urban-and-urban-systems-of-the-green-belt-of-the-municipali\/#breadcrumb\",\"itemListElement\":[{\"@type\":\"ListItem\",\"position\":1,\"name\":\"Portada\",\"item\":\"https:\/\/fundacion-biodiversidad.es\/en\/inicio\/\"},{\"@type\":\"ListItem\",\"position\":2,\"name\":\"Proyectos de convocatorias PRTR\",\"item\":\"https:\/\/fundacion-biodiversidad.es\/en\/proyecto_prtr\/\"},{\"@type\":\"ListItem\",\"position\":3,\"name\":\"Integrated project for the promotion of biodiversity, creation of green infrastructure and adaptation to climate change of the natural, peri-urban and urban systems of the Green Belt of the municipality of Tarragona (Tarragona- Green Belt 2026)\"}]},{\"@type\":\"WebSite\",\"@id\":\"https:\/\/fundacion-biodiversidad.es\/en\/#website\",\"url\":\"https:\/\/fundacion-biodiversidad.es\/en\/\",\"name\":\"Fundaci\u00f3n Biodiversidad\",\"description\":\"Fundaci\u00f3n p\u00fablica adscrita al Ministerio para la Transici\u00f3n Ecol\u00f3gica\",\"potentialAction\":[{\"@type\":\"SearchAction\",\"target\":{\"@type\":\"EntryPoint\",\"urlTemplate\":\"https:\/\/fundacion-biodiversidad.es\/en\/?s={search_term_string}\"},\"query-input\":{\"@type\":\"PropertyValueSpecification\",\"valueRequired\":true,\"valueName\":\"search_term_string\"}}],\"inLanguage\":\"en-US\"}]}<\/script>\n<!-- \/ Yoast SEO plugin. -->","yoast_head_json":{"title":"Integrated project for the promotion of biodiversity, creation of green infrastructure and adaptation to climate change of the natural, peri-urban and urban systems of the Green Belt of the municipality of Tarragona (Tarragona- Green Belt 2026) - Fundaci\u00f3n Biodiversidad","robots":{"index":"index","follow":"follow","max-snippet":"max-snippet:-1","max-image-preview":"max-image-preview:large","max-video-preview":"max-video-preview:-1"},"canonical":"https:\/\/fundacion-biodiversidad.es\/en\/proyecto_prtr\/integrated-project-for-the-promotion-of-biodiversity-creation-of-green-infrastructure-and-adaptation-to-climate-change-of-the-natural-peri-urban-and-urban-systems-of-the-green-belt-of-the-municipali\/","og_locale":"en_US","og_type":"article","og_title":"Integrated project for the promotion of biodiversity, creation of green infrastructure and adaptation to climate change of the natural, peri-urban and urban systems of the Green Belt of the municipality of Tarragona (Tarragona- Green Belt 2026) - Fundaci\u00f3n Biodiversidad","og_description":"Tarragona City Council will carry out a wide range of interventions on the city&#8217;s natural heritage within the framework of the Tarragona Green Belt Management [&hellip;]","og_url":"https:\/\/fundacion-biodiversidad.es\/en\/proyecto_prtr\/integrated-project-for-the-promotion-of-biodiversity-creation-of-green-infrastructure-and-adaptation-to-climate-change-of-the-natural-peri-urban-and-urban-systems-of-the-green-belt-of-the-municipali\/","og_site_name":"Fundaci\u00f3n Biodiversidad","article_modified_time":"2025-10-21T11:46:24+00:00","og_image":[{"url":"https:\/\/fundacion-biodiversidad.es\/wp-content\/uploads\/2022\/10\/C185-TARRAGONA-Platja-Miracle-02_Isaias_Mena-1024x682.jpg","type":"","width":"","height":""}],"twitter_card":"summary_large_image","twitter_image":"https:\/\/fundacion-biodiversidad.es\/wp-content\/uploads\/2022\/10\/C185-TARRAGONA-Platja-Miracle-02_Isaias_Mena-1024x682.jpg","twitter_misc":{"Est. reading time":"1 minute"},"schema":{"@context":"https:\/\/schema.org","@graph":[{"@type":"WebPage","@id":"https:\/\/fundacion-biodiversidad.es\/en\/proyecto_prtr\/integrated-project-for-the-promotion-of-biodiversity-creation-of-green-infrastructure-and-adaptation-to-climate-change-of-the-natural-peri-urban-and-urban-systems-of-the-green-belt-of-the-municipali\/","url":"https:\/\/fundacion-biodiversidad.es\/en\/proyecto_prtr\/integrated-project-for-the-promotion-of-biodiversity-creation-of-green-infrastructure-and-adaptation-to-climate-change-of-the-natural-peri-urban-and-urban-systems-of-the-green-belt-of-the-municipali\/","name":"Integrated project for the promotion of biodiversity, creation of green infrastructure and adaptation to climate change of the natural, peri-urban and urban systems of the Green Belt of the municipality of Tarragona (Tarragona- Green Belt 2026) - Fundaci\u00f3n Biodiversidad","isPartOf":{"@id":"https:\/\/fundacion-biodiversidad.es\/en\/#website"},"primaryImageOfPage":{"@id":"https:\/\/fundacion-biodiversidad.es\/en\/proyecto_prtr\/integrated-project-for-the-promotion-of-biodiversity-creation-of-green-infrastructure-and-adaptation-to-climate-change-of-the-natural-peri-urban-and-urban-systems-of-the-green-belt-of-the-municipali\/#primaryimage"},"image":{"@id":"https:\/\/fundacion-biodiversidad.es\/en\/proyecto_prtr\/integrated-project-for-the-promotion-of-biodiversity-creation-of-green-infrastructure-and-adaptation-to-climate-change-of-the-natural-peri-urban-and-urban-systems-of-the-green-belt-of-the-municipali\/#primaryimage"},"thumbnailUrl":"https:\/\/fundacion-biodiversidad.es\/wp-content\/uploads\/2022\/11\/no-imagen.jpg","datePublished":"2022-10-29T15:06:23+00:00","dateModified":"2025-10-21T11:46:24+00:00","breadcrumb":{"@id":"https:\/\/fundacion-biodiversidad.es\/en\/proyecto_prtr\/integrated-project-for-the-promotion-of-biodiversity-creation-of-green-infrastructure-and-adaptation-to-climate-change-of-the-natural-peri-urban-and-urban-systems-of-the-green-belt-of-the-municipali\/#breadcrumb"},"inLanguage":"en-US","potentialAction":[{"@type":"ReadAction","target":["https:\/\/fundacion-biodiversidad.es\/en\/proyecto_prtr\/integrated-project-for-the-promotion-of-biodiversity-creation-of-green-infrastructure-and-adaptation-to-climate-change-of-the-natural-peri-urban-and-urban-systems-of-the-green-belt-of-the-municipali\/"]}]},{"@type":"ImageObject","inLanguage":"en-US","@id":"https:\/\/fundacion-biodiversidad.es\/en\/proyecto_prtr\/integrated-project-for-the-promotion-of-biodiversity-creation-of-green-infrastructure-and-adaptation-to-climate-change-of-the-natural-peri-urban-and-urban-systems-of-the-green-belt-of-the-municipali\/#primaryimage","url":"https:\/\/fundacion-biodiversidad.es\/wp-content\/uploads\/2022\/11\/no-imagen.jpg","contentUrl":"https:\/\/fundacion-biodiversidad.es\/wp-content\/uploads\/2022\/11\/no-imagen.jpg","width":2048,"height":2048,"caption":"Formaci\u00f3n en medio ambiente natural"},{"@type":"BreadcrumbList","@id":"https:\/\/fundacion-biodiversidad.es\/en\/proyecto_prtr\/integrated-project-for-the-promotion-of-biodiversity-creation-of-green-infrastructure-and-adaptation-to-climate-change-of-the-natural-peri-urban-and-urban-systems-of-the-green-belt-of-the-municipali\/#breadcrumb","itemListElement":[{"@type":"ListItem","position":1,"name":"Portada","item":"https:\/\/fundacion-biodiversidad.es\/en\/inicio\/"},{"@type":"ListItem","position":2,"name":"Proyectos de convocatorias PRTR","item":"https:\/\/fundacion-biodiversidad.es\/en\/proyecto_prtr\/"},{"@type":"ListItem","position":3,"name":"Integrated project for the promotion of biodiversity, creation of green infrastructure and adaptation to climate change of the natural, peri-urban and urban systems of the Green Belt of the municipality of Tarragona (Tarragona- Green Belt 2026)"}]},{"@type":"WebSite","@id":"https:\/\/fundacion-biodiversidad.es\/en\/#website","url":"https:\/\/fundacion-biodiversidad.es\/en\/","name":"Fundaci\u00f3n Biodiversidad","description":"Fundaci\u00f3n p\u00fablica adscrita al Ministerio para la Transici\u00f3n Ecol\u00f3gica","potentialAction":[{"@type":"SearchAction","target":{"@type":"EntryPoint","urlTemplate":"https:\/\/fundacion-biodiversidad.es\/en\/?s={search_term_string}"},"query-input":{"@type":"PropertyValueSpecification","valueRequired":true,"valueName":"search_term_string"}}],"inLanguage":"en-US"}]}},"_links":{"self":[{"href":"https:\/\/fundacion-biodiversidad.es\/en\/wp-json\/wp\/v2\/proyecto_prtr\/97862273","targetHints":{"allow":["GET"]}}],"collection":[{"href":"https:\/\/fundacion-biodiversidad.es\/en\/wp-json\/wp\/v2\/proyecto_prtr"}],"about":[{"href":"https:\/\/fundacion-biodiversidad.es\/en\/wp-json\/wp\/v2\/types\/proyecto_prtr"}],"wp:featuredmedia":[{"embeddable":true,"href":"https:\/\/fundacion-biodiversidad.es\/en\/wp-json\/wp\/v2\/media\/22405"}],"wp:attachment":[{"href":"https:\/\/fundacion-biodiversidad.es\/en\/wp-json\/wp\/v2\/media?parent=97862273"}],"wp:term":[{"taxonomy":"financiaci_n","embeddable":true,"href":"https:\/\/fundacion-biodiversidad.es\/en\/wp-json\/wp\/v2\/financiaci_n?post=97862273"},{"taxonomy":"lineas_actuacion_tematicas","embeddable":true,"href":"https:\/\/fundacion-biodiversidad.es\/en\/wp-json\/wp\/v2\/lineas_actuacion_tematicas?post=97862273"}],"curies":[{"name":"wp","href":"https:\/\/api.w.org\/{rel}","templated":true}]}}