{"id":97861374,"date":"2022-10-16T12:15:40","date_gmt":"2022-10-16T10:15:40","guid":{"rendered":"https:\/\/fundacion-biodiversidad.es\/proyectos_ficha\/environmental-education-for-sustainability-action-plan-esap\/"},"modified":"2022-10-16T12:15:40","modified_gmt":"2022-10-16T10:15:40","slug":"environmental-education-for-sustainability-action-plan-esap","status":"publish","type":"proyectos_ficha","link":"https:\/\/fundacion-biodiversidad.es\/en\/proyectos_ficha\/environmental-education-for-sustainability-action-plan-esap\/","title":{"rendered":"Environmental Education for Sustainability Action Plan (ESAP)"},"content":{"rendered":"<p>Coordinators: <a title=\"https:\/\/www.miteco.gob.es\/es\/\" href=\"https:\/\/www.miteco.gob.es\/es\/\" target=\"_blank\" rel=\"noopener\" data-cke-saved-href=\"https:\/\/www.miteco.gob.es\/es\/\">Ministry for the Ecological Transition and the Demographic Challenge<\/a> and the <a href=\"https:\/\/www.educacionyfp.gob.es\/portada.html\" target=\"_blank\" rel=\"noopener\" data-cke-saved-href=\"https:\/\/www.educacionyfp.gob.es\/portada.html\">Ministry of Education and Vocational Training<\/a><\/p>\n<p>Twenty years after the publication of the White Paper on Environmental Education in Spain, the need to promote new efforts, clarify priorities and coordinate initiatives in the field of environmental education for sustainability is evident. The confluence of different factors has favoured the launch of a new process of strategic reflection, culminating in the Environmental Education for Sustainability Action Plan (hereinafter, PAEAS) and which aims to promote a cultural change that allows us to respond adequately to contemporary socio-environmental challenges in a coordinated, participatory way and with institutional and social co-responsibility. It also complies with the commitment of the Government of Spain contained in the <a href=\"http:\/\/www.miteco.gob.es\/es\/prensa\/declaracionemergenciaclimatica_tcm30-506551.pdf\" target=\"_blank\" rel=\"noopener\" data-cke-saved-href=\"http:\/\/www.miteco.gob.es\/es\/prensa\/declaracionemergenciaclimatica_tcm30-506551.pdf\">Declaration on the Climate and Environmental Emergency<\/a>  <\/p>\n<p>The preparation of the PAEAS has been carried out in two phases. In the first, a work organized from ten areas of environmental education for sustainability (EAS) in Spain was defined. The priority lines of action in each of the sectors were collected, incorporating into the PAEAS a multisectoral and broad vision of environmental education that is proposed to face the environmental crisis and the challenges for sustainability in the coming years.  <\/p>\n<p>Based on this participatory work, a base document was prepared that collected the visions, proposals and ideas of more than 300 experts related to SEA, and which constitutes the reference and starting point of the second phase for the drafting of this document, coordinated by a working group made up of the <a href=\"http:\/\/www.miteco.gob.es\/es\/\" target=\"_blank\" rel=\"noopener\" data-cke-saved-href=\"http:\/\/www.miteco.gob.es\/es\/\">Ministries for the Ecological Transition and the Demographic Challenge<\/a> and the <a href=\"http:\/\/www.educacionyfp.gob.es\/portada.html\" target=\"_blank\" rel=\"noopener\" data-cke-saved-href=\"http:\/\/www.educacionyfp.gob.es\/portada.html\">Ministry of Education and Vocational Training<\/a>.<\/p>\n<p>The Action Plan establishes a consensual framework that reflects six operational axes and 61 key actions to be developed by the General State Administration in the field of EAS in a period of 5 years from its approval, as well as work guidelines and proposals for action for other sectors and agents involved.<\/p>\n<p>The <a href=\"\/sites\/default\/files\/sites\/default\/files\/paeas_publicacion.pdf\" data-cke-saved-href=\"\/sites\/default\/files\/sites\/default\/files\/paeas_publicacion.pdf\">Environmental Education for Sustainability Action Plan (2021-2025)<\/a> has been submitted for public participation from 19 to 31 May 2021. Almost 500 contributions were received that were analysed and, where appropriate, incorporated into the final document, which was reported by the Council of Ministers on 3 August 2021. <\/p>\n<p><strong>LINKS OF INTEREST<\/strong><\/p>\n<ul>\n<li><a href=\"https:\/\/www.miteco.gob.es\/es\/prensa\/declaracionemergenciaclimatica_tcm30-506551.pdf\" data-cke-saved-href=\"https:\/\/www.miteco.gob.es\/es\/prensa\/declaracionemergenciaclimatica_tcm30-506551.pdf\">Declaration of Climate Emergency<\/a><\/li>\n<li><a href=\"https:\/\/fundacion-biodiversidad.es\/es\/prensa\/actualidad\/presentacion-del-plan-de-accion-de-educacion-ambiental-para-la-sostenibilidad\" data-cke-saved-href=\"https:\/\/fundacion-biodiversidad.es\/es\/prensa\/actualidad\/presentacion-del-plan-de-accion-de-educacion-ambiental-para-la-sostenibilidad\">Presentation of the PAEAS at COP25 in Chile-Madrid<\/a><\/li>\n<li><a href=\"https:\/\/www.youtube.com\/watch?v=q-deCzBChqs&amp;feature=youtu.be\" data-cke-saved-href=\"https:\/\/www.youtube.com\/watch?v=q-deCzBChqs&amp;feature=youtu.be\">Video of the presentation of the PAEAS at COP 25 Chile-Madrid  <\/a><\/li>\n<li><a href=\"http:\/\/www.fundacion-biodiversidad.es\/es\/prensa\/recursos-multimedia\/presentacion-del-plan-de-accion-de-educacion-ambiental-para-la\" data-cke-saved-href=\"http:\/\/www.fundacion-biodiversidad.es\/es\/prensa\/recursos-multimedia\/presentacion-del-plan-de-accion-de-educacion-ambiental-para-la\">Image gallery<\/a><\/li>\n<li><a href=\"https:\/\/www.miteco.gob.es\/es\/ceneam\/plan-accion-educacion-ambiental\/\" data-cke-saved-href=\"https:\/\/www.miteco.gob.es\/es\/ceneam\/plan-accion-educacion-ambiental\/\">More information<\/a><\/li>\n<li><a href=\"https:\/\/www.miteco.gob.es\/es\/ceneam\/plan-accion-educacion-ambiental\/programa-trabajo-2022-paeas_tcm30-534147.pdf\" data-cke-saved-href=\"https:\/\/www.miteco.gob.es\/es\/ceneam\/plan-accion-educacion-ambiental\/programa-trabajo-2022-paeas_tcm30-534147.pdf\">Work programme for the year 2022 of the Environmental Education for Sustainability Action Plan (EAAP)<\/a><\/li>\n<\/ul>\n<p>&nbsp;<\/p>\n","protected":false},"author":11,"featured_media":22405,"template":"","meta":{"_acf_changed":false},"financiaci_n":[],"lineas_actuacion_tematicas":[670],"class_list":["post-97861374","proyectos_ficha","type-proyectos_ficha","status-publish","has-post-thumbnail","hentry","lineas_actuacion_tematicas-drivers-of-biodiversity-loss"],"acf":[],"yoast_head":"<!-- This site is optimized with the Yoast SEO plugin v26.9 - https:\/\/yoast.com\/product\/yoast-seo-wordpress\/ -->\n<title>Environmental Education for Sustainability Action Plan (ESAP) - Fundaci\u00f3n Biodiversidad<\/title>\n<meta name=\"robots\" content=\"index, follow, max-snippet:-1, max-image-preview:large, max-video-preview:-1\" \/>\n<link rel=\"canonical\" href=\"https:\/\/fundacion-biodiversidad.es\/en\/proyectos_ficha\/environmental-education-for-sustainability-action-plan-esap\/\" \/>\n<meta property=\"og:locale\" content=\"en_US\" \/>\n<meta property=\"og:type\" content=\"article\" \/>\n<meta property=\"og:title\" content=\"Environmental Education for Sustainability Action Plan (ESAP) - Fundaci\u00f3n Biodiversidad\" \/>\n<meta property=\"og:description\" content=\"Coordinators: Ministry for the Ecological Transition and the Demographic Challenge and the Ministry of Education and Vocational Training Twenty years after the publication of the [&hellip;]\" \/>\n<meta property=\"og:url\" content=\"https:\/\/fundacion-biodiversidad.es\/en\/proyectos_ficha\/environmental-education-for-sustainability-action-plan-esap\/\" \/>\n<meta property=\"og:site_name\" content=\"Fundaci\u00f3n Biodiversidad\" \/>\n<meta property=\"og:image\" content=\"https:\/\/fundacion-biodiversidad.es\/wp-content\/uploads\/2022\/11\/no-imagen.jpg\" \/>\n\t<meta property=\"og:image:width\" content=\"2048\" \/>\n\t<meta property=\"og:image:height\" content=\"2048\" \/>\n\t<meta property=\"og:image:type\" content=\"image\/jpeg\" \/>\n<meta name=\"twitter:card\" content=\"summary_large_image\" \/>\n<meta name=\"twitter:label1\" content=\"Est. reading time\" \/>\n\t<meta name=\"twitter:data1\" content=\"2 minutes\" \/>\n<script type=\"application\/ld+json\" class=\"yoast-schema-graph\">{\"@context\":\"https:\/\/schema.org\",\"@graph\":[{\"@type\":\"WebPage\",\"@id\":\"https:\/\/fundacion-biodiversidad.es\/en\/proyectos_ficha\/environmental-education-for-sustainability-action-plan-esap\/\",\"url\":\"https:\/\/fundacion-biodiversidad.es\/en\/proyectos_ficha\/environmental-education-for-sustainability-action-plan-esap\/\",\"name\":\"Environmental Education for Sustainability Action Plan (ESAP) - Fundaci\u00f3n Biodiversidad\",\"isPartOf\":{\"@id\":\"https:\/\/fundacion-biodiversidad.es\/en\/#website\"},\"primaryImageOfPage\":{\"@id\":\"https:\/\/fundacion-biodiversidad.es\/en\/proyectos_ficha\/environmental-education-for-sustainability-action-plan-esap\/#primaryimage\"},\"image\":{\"@id\":\"https:\/\/fundacion-biodiversidad.es\/en\/proyectos_ficha\/environmental-education-for-sustainability-action-plan-esap\/#primaryimage\"},\"thumbnailUrl\":\"https:\/\/fundacion-biodiversidad.es\/wp-content\/uploads\/2022\/11\/no-imagen.jpg\",\"datePublished\":\"2022-10-16T10:15:40+00:00\",\"breadcrumb\":{\"@id\":\"https:\/\/fundacion-biodiversidad.es\/en\/proyectos_ficha\/environmental-education-for-sustainability-action-plan-esap\/#breadcrumb\"},\"inLanguage\":\"en-US\",\"potentialAction\":[{\"@type\":\"ReadAction\",\"target\":[\"https:\/\/fundacion-biodiversidad.es\/en\/proyectos_ficha\/environmental-education-for-sustainability-action-plan-esap\/\"]}]},{\"@type\":\"ImageObject\",\"inLanguage\":\"en-US\",\"@id\":\"https:\/\/fundacion-biodiversidad.es\/en\/proyectos_ficha\/environmental-education-for-sustainability-action-plan-esap\/#primaryimage\",\"url\":\"https:\/\/fundacion-biodiversidad.es\/wp-content\/uploads\/2022\/11\/no-imagen.jpg\",\"contentUrl\":\"https:\/\/fundacion-biodiversidad.es\/wp-content\/uploads\/2022\/11\/no-imagen.jpg\",\"width\":2048,\"height\":2048,\"caption\":\"Formaci\u00f3n en medio ambiente natural\"},{\"@type\":\"BreadcrumbList\",\"@id\":\"https:\/\/fundacion-biodiversidad.es\/en\/proyectos_ficha\/environmental-education-for-sustainability-action-plan-esap\/#breadcrumb\",\"itemListElement\":[{\"@type\":\"ListItem\",\"position\":1,\"name\":\"Portada\",\"item\":\"https:\/\/fundacion-biodiversidad.es\/en\/inicio\/\"},{\"@type\":\"ListItem\",\"position\":2,\"name\":\"MITECO\",\"item\":\"https:\/\/fundacion-biodiversidad.es\/en\/proyectos_ficha\/\"},{\"@type\":\"ListItem\",\"position\":3,\"name\":\"Environmental Education for Sustainability Action Plan (ESAP)\"}]},{\"@type\":\"WebSite\",\"@id\":\"https:\/\/fundacion-biodiversidad.es\/en\/#website\",\"url\":\"https:\/\/fundacion-biodiversidad.es\/en\/\",\"name\":\"Fundaci\u00f3n Biodiversidad\",\"description\":\"Fundaci\u00f3n p\u00fablica adscrita al Ministerio para la Transici\u00f3n Ecol\u00f3gica\",\"potentialAction\":[{\"@type\":\"SearchAction\",\"target\":{\"@type\":\"EntryPoint\",\"urlTemplate\":\"https:\/\/fundacion-biodiversidad.es\/en\/?s={search_term_string}\"},\"query-input\":{\"@type\":\"PropertyValueSpecification\",\"valueRequired\":true,\"valueName\":\"search_term_string\"}}],\"inLanguage\":\"en-US\"}]}<\/script>\n<!-- \/ Yoast SEO plugin. -->","yoast_head_json":{"title":"Environmental Education for Sustainability Action Plan (ESAP) - Fundaci\u00f3n Biodiversidad","robots":{"index":"index","follow":"follow","max-snippet":"max-snippet:-1","max-image-preview":"max-image-preview:large","max-video-preview":"max-video-preview:-1"},"canonical":"https:\/\/fundacion-biodiversidad.es\/en\/proyectos_ficha\/environmental-education-for-sustainability-action-plan-esap\/","og_locale":"en_US","og_type":"article","og_title":"Environmental Education for Sustainability Action Plan (ESAP) - Fundaci\u00f3n Biodiversidad","og_description":"Coordinators: Ministry for the Ecological Transition and the Demographic Challenge and the Ministry of Education and Vocational Training Twenty years after the publication of the [&hellip;]","og_url":"https:\/\/fundacion-biodiversidad.es\/en\/proyectos_ficha\/environmental-education-for-sustainability-action-plan-esap\/","og_site_name":"Fundaci\u00f3n Biodiversidad","og_image":[{"width":2048,"height":2048,"url":"https:\/\/fundacion-biodiversidad.es\/wp-content\/uploads\/2022\/11\/no-imagen.jpg","type":"image\/jpeg"}],"twitter_card":"summary_large_image","twitter_misc":{"Est. reading time":"2 minutes"},"schema":{"@context":"https:\/\/schema.org","@graph":[{"@type":"WebPage","@id":"https:\/\/fundacion-biodiversidad.es\/en\/proyectos_ficha\/environmental-education-for-sustainability-action-plan-esap\/","url":"https:\/\/fundacion-biodiversidad.es\/en\/proyectos_ficha\/environmental-education-for-sustainability-action-plan-esap\/","name":"Environmental Education for Sustainability Action Plan (ESAP) - Fundaci\u00f3n Biodiversidad","isPartOf":{"@id":"https:\/\/fundacion-biodiversidad.es\/en\/#website"},"primaryImageOfPage":{"@id":"https:\/\/fundacion-biodiversidad.es\/en\/proyectos_ficha\/environmental-education-for-sustainability-action-plan-esap\/#primaryimage"},"image":{"@id":"https:\/\/fundacion-biodiversidad.es\/en\/proyectos_ficha\/environmental-education-for-sustainability-action-plan-esap\/#primaryimage"},"thumbnailUrl":"https:\/\/fundacion-biodiversidad.es\/wp-content\/uploads\/2022\/11\/no-imagen.jpg","datePublished":"2022-10-16T10:15:40+00:00","breadcrumb":{"@id":"https:\/\/fundacion-biodiversidad.es\/en\/proyectos_ficha\/environmental-education-for-sustainability-action-plan-esap\/#breadcrumb"},"inLanguage":"en-US","potentialAction":[{"@type":"ReadAction","target":["https:\/\/fundacion-biodiversidad.es\/en\/proyectos_ficha\/environmental-education-for-sustainability-action-plan-esap\/"]}]},{"@type":"ImageObject","inLanguage":"en-US","@id":"https:\/\/fundacion-biodiversidad.es\/en\/proyectos_ficha\/environmental-education-for-sustainability-action-plan-esap\/#primaryimage","url":"https:\/\/fundacion-biodiversidad.es\/wp-content\/uploads\/2022\/11\/no-imagen.jpg","contentUrl":"https:\/\/fundacion-biodiversidad.es\/wp-content\/uploads\/2022\/11\/no-imagen.jpg","width":2048,"height":2048,"caption":"Formaci\u00f3n en medio ambiente natural"},{"@type":"BreadcrumbList","@id":"https:\/\/fundacion-biodiversidad.es\/en\/proyectos_ficha\/environmental-education-for-sustainability-action-plan-esap\/#breadcrumb","itemListElement":[{"@type":"ListItem","position":1,"name":"Portada","item":"https:\/\/fundacion-biodiversidad.es\/en\/inicio\/"},{"@type":"ListItem","position":2,"name":"MITECO","item":"https:\/\/fundacion-biodiversidad.es\/en\/proyectos_ficha\/"},{"@type":"ListItem","position":3,"name":"Environmental Education for Sustainability Action Plan (ESAP)"}]},{"@type":"WebSite","@id":"https:\/\/fundacion-biodiversidad.es\/en\/#website","url":"https:\/\/fundacion-biodiversidad.es\/en\/","name":"Fundaci\u00f3n Biodiversidad","description":"Fundaci\u00f3n p\u00fablica adscrita al Ministerio para la Transici\u00f3n Ecol\u00f3gica","potentialAction":[{"@type":"SearchAction","target":{"@type":"EntryPoint","urlTemplate":"https:\/\/fundacion-biodiversidad.es\/en\/?s={search_term_string}"},"query-input":{"@type":"PropertyValueSpecification","valueRequired":true,"valueName":"search_term_string"}}],"inLanguage":"en-US"}]}},"_links":{"self":[{"href":"https:\/\/fundacion-biodiversidad.es\/en\/wp-json\/wp\/v2\/proyectos_ficha\/97861374","targetHints":{"allow":["GET"]}}],"collection":[{"href":"https:\/\/fundacion-biodiversidad.es\/en\/wp-json\/wp\/v2\/proyectos_ficha"}],"about":[{"href":"https:\/\/fundacion-biodiversidad.es\/en\/wp-json\/wp\/v2\/types\/proyectos_ficha"}],"author":[{"embeddable":true,"href":"https:\/\/fundacion-biodiversidad.es\/en\/wp-json\/wp\/v2\/users\/11"}],"wp:featuredmedia":[{"embeddable":true,"href":"https:\/\/fundacion-biodiversidad.es\/en\/wp-json\/wp\/v2\/media\/22405"}],"wp:attachment":[{"href":"https:\/\/fundacion-biodiversidad.es\/en\/wp-json\/wp\/v2\/media?parent=97861374"}],"wp:term":[{"taxonomy":"financiaci_n","embeddable":true,"href":"https:\/\/fundacion-biodiversidad.es\/en\/wp-json\/wp\/v2\/financiaci_n?post=97861374"},{"taxonomy":"lineas_actuacion_tematicas","embeddable":true,"href":"https:\/\/fundacion-biodiversidad.es\/en\/wp-json\/wp\/v2\/lineas_actuacion_tematicas?post=97861374"}],"curies":[{"name":"wp","href":"https:\/\/api.w.org\/{rel}","templated":true}]}}