{"id":97855623,"date":"2025-01-20T13:30:35","date_gmt":"2025-01-20T12:30:35","guid":{"rendered":"https:\/\/fundacion-biodiversidad.es\/event\/information-day-on-the-new-erdf-calls\/"},"modified":"2025-01-20T13:30:35","modified_gmt":"2025-01-20T12:30:35","slug":"information-day-on-the-new-erdf-calls","status":"publish","type":"tribe_events","link":"https:\/\/fundacion-biodiversidad.es\/en\/event\/information-day-on-the-new-erdf-calls\/","title":{"rendered":"Information day on the new ERDF calls"},"content":{"rendered":"<p>Holding an online information day to publicise the new calls for aid co-financed by the European Regional Development Fund (ERDF):<\/p>\n<ul>\n<li><a href=\"https:\/\/fundacion-biodiversidad.es\/convocatorias_feder\/convocatoria-de-ayudas-feder-para-el-impulso-de-la-renaturalizacion-de-ciudades\/\">Call for the promotion of the renaturalization of cities.<\/a><\/li>\n<li><a href=\"https:\/\/fundacion-biodiversidad.es\/convocatorias_feder\/convocatoria-de-ayudas-feder-para-el-impulso-de-la-investigacion-en-infraestructura-verde\/\">Call for the promotion of research in green infrastructure.<\/a><\/li>\n<\/ul>\n<p>Participants include the Deputy Director of Biodiversity and Climate Change of the Biodiversity Foundation, Ignacio Torres; the coordinator of the Communication Area, Sergio Fern\u00e1ndez; the coordinator of the Cities Area, Victoria P\u00e9rez; and the coordinator of the Research and Climate Change Area, Cristina Gonz\u00e1lez-Onand\u00eda.<\/p>\n<p>&nbsp;<\/p>\n<p>&nbsp;<\/p>\n","protected":false},"excerpt":{"rendered":"<p>Holding an online information day to publicise the new calls for aid co-financed by the European Regional Development Fund (ERDF): Call for the promotion of [&hellip;]<\/p>\n","protected":false},"author":11,"featured_media":0,"template":"","meta":{"_acf_changed":false,"_tribe_events_status":"","_tribe_events_status_reason":"","_tribe_events_is_hybrid":"","_tribe_events_is_virtual":"","_tribe_events_virtual_video_source":"","_tribe_events_virtual_embed_video":"","_tribe_events_virtual_linked_button_text":"","_tribe_events_virtual_linked_button":"","_tribe_events_virtual_show_embed_at":"","_tribe_events_virtual_show_embed_to":[],"_tribe_events_virtual_show_on_event":"","_tribe_events_virtual_show_on_views":"","_tribe_events_virtual_url":"","footnotes":""},"tags":[],"tribe_events_cat":[674],"class_list":["post-97855623","tribe_events","type-tribe_events","status-publish","hentry","tribe_events_cat-eventos-propios","cat_eventos-propios"],"acf":[],"yoast_head":"<!-- This site is optimized with the Yoast SEO plugin v26.9 - https:\/\/yoast.com\/product\/yoast-seo-wordpress\/ -->\n<title>Information day on the new ERDF calls - Fundaci\u00f3n Biodiversidad<\/title>\n<meta name=\"robots\" content=\"index, follow, max-snippet:-1, max-image-preview:large, max-video-preview:-1\" \/>\n<link rel=\"canonical\" href=\"https:\/\/fundacion-biodiversidad.es\/en\/event\/information-day-on-the-new-erdf-calls\/\" \/>\n<meta property=\"og:locale\" content=\"en_US\" \/>\n<meta property=\"og:type\" content=\"article\" \/>\n<meta property=\"og:title\" content=\"Information day on the new ERDF calls - Fundaci\u00f3n Biodiversidad\" \/>\n<meta property=\"og:description\" content=\"Holding an online information day to publicise the new calls for aid co-financed by the European Regional Development Fund (ERDF): Call for the promotion of [&hellip;]\" \/>\n<meta property=\"og:url\" content=\"https:\/\/fundacion-biodiversidad.es\/en\/event\/information-day-on-the-new-erdf-calls\/\" \/>\n<meta property=\"og:site_name\" content=\"Fundaci\u00f3n Biodiversidad\" \/>\n<meta property=\"og:image\" content=\"https:\/\/fundacion-biodiversidad.es\/wp-content\/uploads\/2023\/01\/2487661294_35330241_720x405.png\" \/>\n\t<meta property=\"og:image:width\" content=\"720\" \/>\n\t<meta property=\"og:image:height\" content=\"405\" \/>\n\t<meta property=\"og:image:type\" content=\"image\/png\" \/>\n<meta name=\"twitter:card\" content=\"summary_large_image\" \/>\n<script type=\"application\/ld+json\" class=\"yoast-schema-graph\">{\"@context\":\"https:\/\/schema.org\",\"@graph\":[{\"@type\":\"WebPage\",\"@id\":\"https:\/\/fundacion-biodiversidad.es\/en\/event\/information-day-on-the-new-erdf-calls\/\",\"url\":\"https:\/\/fundacion-biodiversidad.es\/en\/event\/information-day-on-the-new-erdf-calls\/\",\"name\":\"Information day on the new ERDF calls - Fundaci\u00f3n Biodiversidad\",\"isPartOf\":{\"@id\":\"https:\/\/fundacion-biodiversidad.es\/en\/#website\"},\"datePublished\":\"2025-01-20T12:30:35+00:00\",\"breadcrumb\":{\"@id\":\"https:\/\/fundacion-biodiversidad.es\/en\/event\/information-day-on-the-new-erdf-calls\/#breadcrumb\"},\"inLanguage\":\"en-US\",\"potentialAction\":[{\"@type\":\"ReadAction\",\"target\":[\"https:\/\/fundacion-biodiversidad.es\/en\/event\/information-day-on-the-new-erdf-calls\/\"]}]},{\"@type\":\"BreadcrumbList\",\"@id\":\"https:\/\/fundacion-biodiversidad.es\/en\/event\/information-day-on-the-new-erdf-calls\/#breadcrumb\",\"itemListElement\":[{\"@type\":\"ListItem\",\"position\":1,\"name\":\"Portada\",\"item\":\"https:\/\/fundacion-biodiversidad.es\/en\/inicio\/\"},{\"@type\":\"ListItem\",\"position\":2,\"name\":\"Events\",\"item\":\"https:\/\/fundacion-biodiversidad.es\/en\/events\/\"},{\"@type\":\"ListItem\",\"position\":3,\"name\":\"Information day on the new ERDF calls\"}]},{\"@type\":\"WebSite\",\"@id\":\"https:\/\/fundacion-biodiversidad.es\/en\/#website\",\"url\":\"https:\/\/fundacion-biodiversidad.es\/en\/\",\"name\":\"Fundaci\u00f3n Biodiversidad\",\"description\":\"Fundaci\u00f3n p\u00fablica adscrita al Ministerio para la Transici\u00f3n Ecol\u00f3gica\",\"potentialAction\":[{\"@type\":\"SearchAction\",\"target\":{\"@type\":\"EntryPoint\",\"urlTemplate\":\"https:\/\/fundacion-biodiversidad.es\/en\/?s={search_term_string}\"},\"query-input\":{\"@type\":\"PropertyValueSpecification\",\"valueRequired\":true,\"valueName\":\"search_term_string\"}}],\"inLanguage\":\"en-US\"}]}<\/script>\n<!-- \/ Yoast SEO plugin. -->","yoast_head_json":{"title":"Information day on the new ERDF calls - Fundaci\u00f3n Biodiversidad","robots":{"index":"index","follow":"follow","max-snippet":"max-snippet:-1","max-image-preview":"max-image-preview:large","max-video-preview":"max-video-preview:-1"},"canonical":"https:\/\/fundacion-biodiversidad.es\/en\/event\/information-day-on-the-new-erdf-calls\/","og_locale":"en_US","og_type":"article","og_title":"Information day on the new ERDF calls - Fundaci\u00f3n Biodiversidad","og_description":"Holding an online information day to publicise the new calls for aid co-financed by the European Regional Development Fund (ERDF): Call for the promotion of [&hellip;]","og_url":"https:\/\/fundacion-biodiversidad.es\/en\/event\/information-day-on-the-new-erdf-calls\/","og_site_name":"Fundaci\u00f3n Biodiversidad","og_image":[{"width":720,"height":405,"url":"https:\/\/fundacion-biodiversidad.es\/wp-content\/uploads\/2023\/01\/2487661294_35330241_720x405.png","type":"image\/png"}],"twitter_card":"summary_large_image","schema":{"@context":"https:\/\/schema.org","@graph":[{"@type":"WebPage","@id":"https:\/\/fundacion-biodiversidad.es\/en\/event\/information-day-on-the-new-erdf-calls\/","url":"https:\/\/fundacion-biodiversidad.es\/en\/event\/information-day-on-the-new-erdf-calls\/","name":"Information day on the new ERDF calls - Fundaci\u00f3n Biodiversidad","isPartOf":{"@id":"https:\/\/fundacion-biodiversidad.es\/en\/#website"},"datePublished":"2025-01-20T12:30:35+00:00","breadcrumb":{"@id":"https:\/\/fundacion-biodiversidad.es\/en\/event\/information-day-on-the-new-erdf-calls\/#breadcrumb"},"inLanguage":"en-US","potentialAction":[{"@type":"ReadAction","target":["https:\/\/fundacion-biodiversidad.es\/en\/event\/information-day-on-the-new-erdf-calls\/"]}]},{"@type":"BreadcrumbList","@id":"https:\/\/fundacion-biodiversidad.es\/en\/event\/information-day-on-the-new-erdf-calls\/#breadcrumb","itemListElement":[{"@type":"ListItem","position":1,"name":"Portada","item":"https:\/\/fundacion-biodiversidad.es\/en\/inicio\/"},{"@type":"ListItem","position":2,"name":"Events","item":"https:\/\/fundacion-biodiversidad.es\/en\/events\/"},{"@type":"ListItem","position":3,"name":"Information day on the new ERDF calls"}]},{"@type":"WebSite","@id":"https:\/\/fundacion-biodiversidad.es\/en\/#website","url":"https:\/\/fundacion-biodiversidad.es\/en\/","name":"Fundaci\u00f3n Biodiversidad","description":"Fundaci\u00f3n p\u00fablica adscrita al Ministerio para la Transici\u00f3n Ecol\u00f3gica","potentialAction":[{"@type":"SearchAction","target":{"@type":"EntryPoint","urlTemplate":"https:\/\/fundacion-biodiversidad.es\/en\/?s={search_term_string}"},"query-input":{"@type":"PropertyValueSpecification","valueRequired":true,"valueName":"search_term_string"}}],"inLanguage":"en-US"}]}},"_links":{"self":[{"href":"https:\/\/fundacion-biodiversidad.es\/en\/wp-json\/wp\/v2\/tribe_events\/97855623","targetHints":{"allow":["GET"]}}],"collection":[{"href":"https:\/\/fundacion-biodiversidad.es\/en\/wp-json\/wp\/v2\/tribe_events"}],"about":[{"href":"https:\/\/fundacion-biodiversidad.es\/en\/wp-json\/wp\/v2\/types\/tribe_events"}],"author":[{"embeddable":true,"href":"https:\/\/fundacion-biodiversidad.es\/en\/wp-json\/wp\/v2\/users\/11"}],"version-history":[{"count":0,"href":"https:\/\/fundacion-biodiversidad.es\/en\/wp-json\/wp\/v2\/tribe_events\/97855623\/revisions"}],"wp:attachment":[{"href":"https:\/\/fundacion-biodiversidad.es\/en\/wp-json\/wp\/v2\/media?parent=97855623"}],"wp:term":[{"taxonomy":"post_tag","embeddable":true,"href":"https:\/\/fundacion-biodiversidad.es\/en\/wp-json\/wp\/v2\/tags?post=97855623"},{"taxonomy":"tribe_events_cat","embeddable":true,"href":"https:\/\/fundacion-biodiversidad.es\/en\/wp-json\/wp\/v2\/tribe_events_cat?post=97855623"}],"curies":[{"name":"wp","href":"https:\/\/api.w.org\/{rel}","templated":true}]}}